{"id":181,"date":"2022-06-24T13:33:10","date_gmt":"2022-06-24T11:33:10","guid":{"rendered":"https:\/\/www.gobiernolocal.org\/acento-local\/?page_id=181"},"modified":"2025-01-27T09:44:51","modified_gmt":"2025-01-27T08:44:51","slug":"blog-gobierno-local","status":"publish","type":"page","link":"https:\/\/www.gobiernolocal.org\/acento-local\/","title":{"rendered":"Blog de Actualidad Local"},"content":{"rendered":"\t\t<div data-elementor-type=\"wp-page\" data-elementor-id=\"181\" class=\"elementor elementor-181\" data-elementor-post-type=\"page\">\n\t\t\t\t\t\t<section class=\"elementor-section elementor-top-section elementor-element elementor-element-d81aa41 elementor-section-height-min-height elementor-section-items-bottom elementor-section-boxed elementor-section-height-default\" data-id=\"d81aa41\" data-element_type=\"section\" data-settings=\"{&quot;background_background&quot;:&quot;classic&quot;}\">\n\t\t\t\t\t\t\t<div class=\"elementor-background-overlay\"><\/div>\n\t\t\t\t\t\t\t<div class=\"elementor-container elementor-column-gap-default\">\n\t\t\t\t\t<div class=\"elementor-column elementor-col-100 elementor-top-column elementor-element elementor-element-460e6a2\" data-id=\"460e6a2\" data-element_type=\"column\">\n\t\t\t<div class=\"elementor-widget-wrap elementor-element-populated\">\n\t\t\t\t\t\t<div class=\"elementor-element elementor-element-53c9646 elementor-widget elementor-widget-jet-listing-grid\" data-id=\"53c9646\" data-element_type=\"widget\" data-settings=\"{&quot;columns&quot;:&quot;1&quot;,&quot;columns_tablet&quot;:&quot;1&quot;}\" data-widget_type=\"jet-listing-grid.default\">\n\t\t\t\t<div class=\"elementor-widget-container\">\n\t\t\t\t\t<div class=\"jet-listing-grid jet-listing\"><div class=\"jet-listing-grid__items grid-col-desk-1 grid-col-tablet-1 grid-col-mobile-1 jet-listing-grid--305\" data-queried-id=\"181|WP_Post\" data-nav=\"{&quot;enabled&quot;:false,&quot;type&quot;:null,&quot;more_el&quot;:null,&quot;query&quot;:[],&quot;widget_settings&quot;:{&quot;lisitng_id&quot;:305,&quot;posts_num&quot;:1,&quot;columns&quot;:1,&quot;columns_tablet&quot;:1,&quot;columns_mobile&quot;:1,&quot;column_min_width&quot;:240,&quot;column_min_width_tablet&quot;:240,&quot;column_min_width_mobile&quot;:240,&quot;inline_columns_css&quot;:false,&quot;is_archive_template&quot;:&quot;&quot;,&quot;post_status&quot;:[&quot;publish&quot;],&quot;use_random_posts_num&quot;:&quot;&quot;,&quot;max_posts_num&quot;:9,&quot;not_found_message&quot;:&quot;No se encontraron entradas&quot;,&quot;is_masonry&quot;:false,&quot;equal_columns_height&quot;:&quot;&quot;,&quot;use_load_more&quot;:&quot;&quot;,&quot;load_more_id&quot;:&quot;&quot;,&quot;load_more_type&quot;:&quot;click&quot;,&quot;load_more_offset&quot;:{&quot;unit&quot;:&quot;px&quot;,&quot;size&quot;:0,&quot;sizes&quot;:[]},&quot;use_custom_post_types&quot;:&quot;&quot;,&quot;custom_post_types&quot;:[],&quot;hide_widget_if&quot;:&quot;&quot;,&quot;carousel_enabled&quot;:&quot;&quot;,&quot;slides_to_scroll&quot;:&quot;1&quot;,&quot;arrows&quot;:&quot;true&quot;,&quot;arrow_icon&quot;:&quot;fa fa-angle-left&quot;,&quot;dots&quot;:&quot;&quot;,&quot;autoplay&quot;:&quot;true&quot;,&quot;pause_on_hover&quot;:&quot;true&quot;,&quot;autoplay_speed&quot;:5000,&quot;infinite&quot;:&quot;true&quot;,&quot;center_mode&quot;:&quot;&quot;,&quot;effect&quot;:&quot;slide&quot;,&quot;speed&quot;:500,&quot;inject_alternative_items&quot;:&quot;&quot;,&quot;injection_items&quot;:[],&quot;scroll_slider_enabled&quot;:&quot;&quot;,&quot;scroll_slider_on&quot;:[&quot;desktop&quot;,&quot;tablet&quot;,&quot;mobile&quot;],&quot;custom_query&quot;:false,&quot;custom_query_id&quot;:&quot;&quot;,&quot;_element_id&quot;:&quot;&quot;,&quot;collapse_first_last_gap&quot;:false,&quot;list_tag_selection&quot;:&quot;&quot;,&quot;list_items_wrapper_tag&quot;:&quot;div&quot;,&quot;list_item_tag&quot;:&quot;div&quot;,&quot;empty_items_wrapper_tag&quot;:&quot;div&quot;}}\" data-page=\"1\" data-pages=\"1\" data-listing-source=\"posts\" data-listing-id=\"305\" data-query-id=\"\"><div class=\"jet-listing-grid__item jet-listing-dynamic-post-4650\" data-post-id=\"4650\"  >\t\t<div data-elementor-type=\"jet-listing-items\" data-elementor-id=\"305\" class=\"elementor elementor-305\" data-elementor-post-type=\"jet-engine\">\n\t\t\t\t\t\t<section class=\"elementor-section elementor-top-section elementor-element elementor-element-409caca elementor-section-boxed elementor-section-height-default elementor-section-height-default\" data-id=\"409caca\" data-element_type=\"section\">\n\t\t\t\t\t\t<div class=\"elementor-container elementor-column-gap-default\">\n\t\t\t\t\t<div class=\"elementor-column elementor-col-50 elementor-top-column elementor-element elementor-element-936437a\" data-id=\"936437a\" data-element_type=\"column\">\n\t\t\t<div class=\"elementor-widget-wrap elementor-element-populated\">\n\t\t\t\t\t\t<div class=\"elementor-element elementor-element-149abf8 elementor-widget elementor-widget-jet-listing-dynamic-terms\" data-id=\"149abf8\" data-element_type=\"widget\" data-widget_type=\"jet-listing-dynamic-terms.default\">\n\t\t\t\t<div class=\"elementor-widget-container\">\n\t\t\t\t\t<div class=\"jet-listing jet-listing-dynamic-terms\"><span class=\"jet-listing-dynamic-terms__link\">Destacados<\/span><\/div>\t\t\t\t<\/div>\n\t\t\t\t<\/div>\n\t\t\t\t<div class=\"elementor-element elementor-element-a5b7684 elementor-widget elementor-widget-image\" data-id=\"a5b7684\" data-element_type=\"widget\" data-widget_type=\"image.default\">\n\t\t\t\t<div class=\"elementor-widget-container\">\n\t\t\t\t\t\t\t\t\t\t\t\t\t\t\t\t<a href=\"https:\/\/www.gobiernolocal.org\/acento-local\/los-posts-mas-leidos-de-octubre-a-diciembre-de-2025\/\">\n\t\t\t\t\t\t\t<img fetchpriority=\"high\" decoding=\"async\" width=\"800\" height=\"600\" src=\"https:\/\/www.gobiernolocal.org\/acento-local\/wp-content\/uploads\/2026\/01\/2026_1er_1_2_3.jpg\" class=\"attachment-large size-large wp-image-4651\" alt=\"\" srcset=\"https:\/\/www.gobiernolocal.org\/acento-local\/wp-content\/uploads\/2026\/01\/2026_1er_1_2_3.jpg 800w, https:\/\/www.gobiernolocal.org\/acento-local\/wp-content\/uploads\/2026\/01\/2026_1er_1_2_3-300x225.jpg 300w, https:\/\/www.gobiernolocal.org\/acento-local\/wp-content\/uploads\/2026\/01\/2026_1er_1_2_3-768x576.jpg 768w\" sizes=\"(max-width: 800px) 100vw, 800px\" \/>\t\t\t\t\t\t\t\t<\/a>\n\t\t\t\t\t\t\t\t\t\t\t\t\t\t\t<\/div>\n\t\t\t\t<\/div>\n\t\t\t\t\t<\/div>\n\t\t<\/div>\n\t\t\t\t<div class=\"elementor-column elementor-col-50 elementor-top-column elementor-element elementor-element-5198d1c\" data-id=\"5198d1c\" data-element_type=\"column\">\n\t\t\t<div class=\"elementor-widget-wrap elementor-element-populated\">\n\t\t\t\t\t\t<div class=\"elementor-element elementor-element-ac6956b elementor-widget elementor-widget-jet-listing-dynamic-terms\" data-id=\"ac6956b\" data-element_type=\"widget\" data-widget_type=\"jet-listing-dynamic-terms.default\">\n\t\t\t\t<div class=\"elementor-widget-container\">\n\t\t\t\t\t<div class=\"jet-listing jet-listing-dynamic-terms\"><span class=\"jet-listing-dynamic-terms__prefix\">Autor\/a: <\/span><a href=\"https:\/\/www.gobiernolocal.org\/acento-local\/autor-post\/fundacion-democracia-y-gobierno-local\/\" class=\"jet-listing-dynamic-terms__link\">Fundaci\u00f3n Democracia y Gobierno Local<\/a><\/div>\t\t\t\t<\/div>\n\t\t\t\t<\/div>\n\t\t\t\t<div class=\"elementor-element elementor-element-d7cdc05 elementor-widget elementor-widget-heading\" data-id=\"d7cdc05\" data-element_type=\"widget\" data-widget_type=\"heading.default\">\n\t\t\t\t<div class=\"elementor-widget-container\">\n\t\t\t\t\t<h3 class=\"elementor-heading-title elementor-size-default\"><a href=\"https:\/\/www.gobiernolocal.org\/acento-local\/los-posts-mas-leidos-de-octubre-a-diciembre-de-2025\/\">Los posts m\u00e1s le\u00eddos de octubre a diciembre de 2025<\/a><\/h3>\t\t\t\t<\/div>\n\t\t\t\t<\/div>\n\t\t\t\t<div class=\"elementor-element elementor-element-0fc44f6 elementor-widget elementor-widget-text-editor\" data-id=\"0fc44f6\" data-element_type=\"widget\" data-widget_type=\"text-editor.default\">\n\t\t\t\t<div class=\"elementor-widget-container\">\n\t\t\t\t\t\t\t\t\tEn este <i>post<\/i> de la pizarra destacamos los tres m\u00e1s le\u00eddos del&#8230;\t\t\t\t\t\t\t\t<\/div>\n\t\t\t\t<\/div>\n\t\t\t\t<div class=\"elementor-element elementor-element-d47d337 elementor-widget elementor-widget-jet-listing-dynamic-link\" data-id=\"d47d337\" data-element_type=\"widget\" data-widget_type=\"jet-listing-dynamic-link.default\">\n\t\t\t\t<div class=\"elementor-widget-container\">\n\t\t\t\t\t<div class=\"jet-listing jet-listing-dynamic-link\"><a href=\"https:\/\/www.gobiernolocal.org\/acento-local\/los-posts-mas-leidos-de-octubre-a-diciembre-de-2025\/\" class=\"jet-listing-dynamic-link__link\"><span class=\"jet-listing-dynamic-link__label\">Leer m\u00e1s<\/span><\/a><\/div>\t\t\t\t<\/div>\n\t\t\t\t<\/div>\n\t\t\t\t\t<\/div>\n\t\t<\/div>\n\t\t\t\t\t<\/div>\n\t\t<\/section>\n\t\t\t\t<\/div>\n\t\t<\/div><\/div><\/div>\t\t\t\t<\/div>\n\t\t\t\t<\/div>\n\t\t\t\t\t<\/div>\n\t\t<\/div>\n\t\t\t\t\t<\/div>\n\t\t<\/section>\n\t\t\t\t<section class=\"elementor-section elementor-top-section elementor-element elementor-element-144881a elementor-section-boxed elementor-section-height-default elementor-section-height-default\" data-id=\"144881a\" data-element_type=\"section\">\n\t\t\t\t\t\t<div class=\"elementor-container elementor-column-gap-default\">\n\t\t\t\t\t<div class=\"elementor-column elementor-col-100 elementor-top-column elementor-element elementor-element-f4d3c72\" data-id=\"f4d3c72\" data-element_type=\"column\">\n\t\t\t<div class=\"elementor-widget-wrap elementor-element-populated\">\n\t\t\t\t\t\t<div class=\"elementor-element elementor-element-b40006a elementor-widget elementor-widget-heading\" data-id=\"b40006a\" data-element_type=\"widget\" data-widget_type=\"heading.default\">\n\t\t\t\t<div class=\"elementor-widget-container\">\n\t\t\t\t\t<h2 class=\"elementor-heading-title elementor-size-default\">\u00daltimos <i>posts<\/i><\/h2>\t\t\t\t<\/div>\n\t\t\t\t<\/div>\n\t\t\t\t<div class=\"elementor-element elementor-element-9dff93b elementor-widget elementor-widget-jet-listing-grid\" data-id=\"9dff93b\" data-element_type=\"widget\" id=\"post-paginacion\" data-settings=\"{&quot;columns&quot;:3,&quot;columns_tablet&quot;:&quot;2&quot;,&quot;columns_mobile&quot;:&quot;1&quot;}\" data-widget_type=\"jet-listing-grid.default\">\n\t\t\t\t<div class=\"elementor-widget-container\">\n\t\t\t\t\t<div class=\"jet-listing-grid jet-listing\"><div class=\"jet-listing-grid__items grid-col-desk-3 grid-col-tablet-2 grid-col-mobile-1 jet-listing-grid--308\" data-queried-id=\"181|WP_Post\" data-nav=\"{&quot;enabled&quot;:false,&quot;type&quot;:null,&quot;more_el&quot;:null,&quot;query&quot;:[],&quot;widget_settings&quot;:{&quot;lisitng_id&quot;:308,&quot;posts_num&quot;:6,&quot;columns&quot;:3,&quot;columns_tablet&quot;:2,&quot;columns_mobile&quot;:1,&quot;column_min_width&quot;:240,&quot;column_min_width_tablet&quot;:240,&quot;column_min_width_mobile&quot;:240,&quot;inline_columns_css&quot;:false,&quot;is_archive_template&quot;:&quot;&quot;,&quot;post_status&quot;:[&quot;publish&quot;],&quot;use_random_posts_num&quot;:&quot;&quot;,&quot;max_posts_num&quot;:9,&quot;not_found_message&quot;:&quot;No se encontraron entradas&quot;,&quot;is_masonry&quot;:false,&quot;equal_columns_height&quot;:&quot;&quot;,&quot;use_load_more&quot;:&quot;&quot;,&quot;load_more_id&quot;:&quot;&quot;,&quot;load_more_type&quot;:&quot;click&quot;,&quot;load_more_offset&quot;:{&quot;unit&quot;:&quot;px&quot;,&quot;size&quot;:0,&quot;sizes&quot;:[]},&quot;use_custom_post_types&quot;:&quot;&quot;,&quot;custom_post_types&quot;:[],&quot;hide_widget_if&quot;:&quot;&quot;,&quot;carousel_enabled&quot;:&quot;&quot;,&quot;slides_to_scroll&quot;:&quot;1&quot;,&quot;arrows&quot;:&quot;true&quot;,&quot;arrow_icon&quot;:&quot;fa fa-angle-left&quot;,&quot;dots&quot;:&quot;&quot;,&quot;autoplay&quot;:&quot;true&quot;,&quot;pause_on_hover&quot;:&quot;true&quot;,&quot;autoplay_speed&quot;:5000,&quot;infinite&quot;:&quot;true&quot;,&quot;center_mode&quot;:&quot;&quot;,&quot;effect&quot;:&quot;slide&quot;,&quot;speed&quot;:500,&quot;inject_alternative_items&quot;:&quot;&quot;,&quot;injection_items&quot;:[],&quot;scroll_slider_enabled&quot;:&quot;&quot;,&quot;scroll_slider_on&quot;:[&quot;desktop&quot;,&quot;tablet&quot;,&quot;mobile&quot;],&quot;custom_query&quot;:false,&quot;custom_query_id&quot;:&quot;&quot;,&quot;_element_id&quot;:&quot;post-paginacion&quot;,&quot;collapse_first_last_gap&quot;:false,&quot;list_tag_selection&quot;:&quot;&quot;,&quot;list_items_wrapper_tag&quot;:&quot;div&quot;,&quot;list_item_tag&quot;:&quot;div&quot;,&quot;empty_items_wrapper_tag&quot;:&quot;div&quot;}}\" data-page=\"1\" data-pages=\"47\" data-listing-source=\"posts\" data-listing-id=\"308\" data-query-id=\"\"><div class=\"jet-listing-grid__item jet-listing-dynamic-post-4783\" data-post-id=\"4783\"  >\t\t<div data-elementor-type=\"jet-listing-items\" data-elementor-id=\"308\" class=\"elementor elementor-308\" data-elementor-post-type=\"jet-engine\">\n\t\t\t\t\t\t<section class=\"elementor-section elementor-top-section elementor-element elementor-element-4cc2031 elementor-section-height-min-height elementor-section-items-top elementor-section-boxed elementor-section-height-default\" data-id=\"4cc2031\" data-element_type=\"section\">\n\t\t\t\t\t\t<div class=\"elementor-container elementor-column-gap-default\">\n\t\t\t\t\t<div class=\"elementor-column elementor-col-100 elementor-top-column elementor-element elementor-element-ea32cdd\" data-id=\"ea32cdd\" data-element_type=\"column\">\n\t\t\t<div class=\"elementor-widget-wrap elementor-element-populated\">\n\t\t\t\t\t\t<div class=\"elementor-element elementor-element-94e1686 elementor-widget elementor-widget-jet-listing-dynamic-terms\" data-id=\"94e1686\" data-element_type=\"widget\" data-widget_type=\"jet-listing-dynamic-terms.default\">\n\t\t\t\t<div class=\"elementor-widget-container\">\n\t\t\t\t\t<div class=\"jet-listing jet-listing-dynamic-terms\"><span class=\"jet-listing-dynamic-terms__link\">Innovaci\u00f3n y Sostenibilidad<\/span><\/div>\t\t\t\t<\/div>\n\t\t\t\t<\/div>\n\t\t\t\t<div class=\"elementor-element elementor-element-bd892b8 elementor-widget elementor-widget-image\" data-id=\"bd892b8\" data-element_type=\"widget\" data-widget_type=\"image.default\">\n\t\t\t\t<div class=\"elementor-widget-container\">\n\t\t\t\t\t\t\t\t\t\t\t\t\t\t\t\t<a href=\"https:\/\/www.gobiernolocal.org\/acento-local\/el-derecho-a-no-reintegrar-las-prestaciones-otorgadas-por-error-administrativo\/\">\n\t\t\t\t\t\t\t<img decoding=\"async\" width=\"800\" height=\"561\" src=\"https:\/\/www.gobiernolocal.org\/acento-local\/wp-content\/uploads\/2026\/04\/260429_800_01.jpg\" class=\"attachment-full size-full wp-image-4785\" alt=\"\" srcset=\"https:\/\/www.gobiernolocal.org\/acento-local\/wp-content\/uploads\/2026\/04\/260429_800_01.jpg 800w, https:\/\/www.gobiernolocal.org\/acento-local\/wp-content\/uploads\/2026\/04\/260429_800_01-300x210.jpg 300w, https:\/\/www.gobiernolocal.org\/acento-local\/wp-content\/uploads\/2026\/04\/260429_800_01-768x539.jpg 768w\" sizes=\"(max-width: 800px) 100vw, 800px\" \/>\t\t\t\t\t\t\t\t<\/a>\n\t\t\t\t\t\t\t\t\t\t\t\t\t\t\t<\/div>\n\t\t\t\t<\/div>\n\t\t\t\t<div class=\"elementor-element elementor-element-8cc8dea elementor-widget elementor-widget-jet-listing-dynamic-field\" data-id=\"8cc8dea\" data-element_type=\"widget\" data-widget_type=\"jet-listing-dynamic-field.default\">\n\t\t\t\t<div class=\"elementor-widget-container\">\n\t\t\t\t\t<div class=\"jet-listing jet-listing-dynamic-field display-inline\"><div class=\"jet-listing-dynamic-field__inline-wrap\"><div class=\"jet-listing-dynamic-field__content\" >29\/04\/2026<\/div><\/div><\/div>\t\t\t\t<\/div>\n\t\t\t\t<\/div>\n\t\t\t\t<div class=\"elementor-element elementor-element-04aebee elementor-widget elementor-widget-jet-listing-dynamic-terms\" data-id=\"04aebee\" data-element_type=\"widget\" data-widget_type=\"jet-listing-dynamic-terms.default\">\n\t\t\t\t<div class=\"elementor-widget-container\">\n\t\t\t\t\t<div class=\"jet-listing jet-listing-dynamic-terms\"><span class=\"jet-listing-dynamic-terms__prefix\">Autor\/a: <\/span><a href=\"https:\/\/www.gobiernolocal.org\/acento-local\/autor-post\/antonio-ezquerra-huerva\/\" class=\"jet-listing-dynamic-terms__link\">Antonio Ezquerra Huerva<\/a><\/div>\t\t\t\t<\/div>\n\t\t\t\t<\/div>\n\t\t\t\t<div class=\"elementor-element elementor-element-52bee68 elementor-widget elementor-widget-heading\" data-id=\"52bee68\" data-element_type=\"widget\" data-widget_type=\"heading.default\">\n\t\t\t\t<div class=\"elementor-widget-container\">\n\t\t\t\t\t<h3 class=\"elementor-heading-title elementor-size-default\"><a href=\"https:\/\/www.gobiernolocal.org\/acento-local\/el-derecho-a-no-reintegrar-las-prestaciones-otorgadas-por-error-administrativo\/\">El derecho a no reintegrar las prestaciones otorgadas por error administrativo<\/a><\/h3>\t\t\t\t<\/div>\n\t\t\t\t<\/div>\n\t\t\t\t<div class=\"elementor-element elementor-element-44c5031 elementor-widget elementor-widget-text-editor\" data-id=\"44c5031\" data-element_type=\"widget\" data-widget_type=\"text-editor.default\">\n\t\t\t\t<div class=\"elementor-widget-container\">\n\t\t\t\t\t\t\t\t\tLa reciente Ley del Parlamento de Catalu\u00f1a 9\/2025, de 13 de noviembre, ha introducido en la Ley 26\/2010, de 3 de agosto, de r\u00e9gimen jur\u00eddico y de procedimiento de las administraciones p\u00fablicas de Catalu\u00f1a, un&#8230;\t\t\t\t\t\t\t\t<\/div>\n\t\t\t\t<\/div>\n\t\t\t\t<div class=\"elementor-element elementor-element-ef51f95 elementor-widget elementor-widget-jet-listing-dynamic-link\" data-id=\"ef51f95\" data-element_type=\"widget\" data-widget_type=\"jet-listing-dynamic-link.default\">\n\t\t\t\t<div class=\"elementor-widget-container\">\n\t\t\t\t\t<div class=\"jet-listing jet-listing-dynamic-link\"><a href=\"https:\/\/www.gobiernolocal.org\/acento-local\/el-derecho-a-no-reintegrar-las-prestaciones-otorgadas-por-error-administrativo\/\" class=\"jet-listing-dynamic-link__link\"><span class=\"jet-listing-dynamic-link__label\">Leer m\u00e1s<\/span><\/a><\/div>\t\t\t\t<\/div>\n\t\t\t\t<\/div>\n\t\t\t\t\t<\/div>\n\t\t<\/div>\n\t\t\t\t\t<\/div>\n\t\t<\/section>\n\t\t\t\t<\/div>\n\t\t<\/div><div class=\"jet-listing-grid__item jet-listing-dynamic-post-4780\" data-post-id=\"4780\"  >\t\t<div data-elementor-type=\"jet-listing-items\" data-elementor-id=\"308\" class=\"elementor elementor-308\" data-elementor-post-type=\"jet-engine\">\n\t\t\t\t\t\t<section class=\"elementor-section elementor-top-section elementor-element elementor-element-4cc2031 elementor-section-height-min-height elementor-section-items-top elementor-section-boxed elementor-section-height-default\" data-id=\"4cc2031\" data-element_type=\"section\">\n\t\t\t\t\t\t<div class=\"elementor-container elementor-column-gap-default\">\n\t\t\t\t\t<div class=\"elementor-column elementor-col-100 elementor-top-column elementor-element elementor-element-ea32cdd\" data-id=\"ea32cdd\" data-element_type=\"column\">\n\t\t\t<div class=\"elementor-widget-wrap elementor-element-populated\">\n\t\t\t\t\t\t<div class=\"elementor-element elementor-element-94e1686 elementor-widget elementor-widget-jet-listing-dynamic-terms\" data-id=\"94e1686\" data-element_type=\"widget\" data-widget_type=\"jet-listing-dynamic-terms.default\">\n\t\t\t\t<div class=\"elementor-widget-container\">\n\t\t\t\t\t<div class=\"jet-listing jet-listing-dynamic-terms\"><span class=\"jet-listing-dynamic-terms__link\">Jurisprudencia<\/span><\/div>\t\t\t\t<\/div>\n\t\t\t\t<\/div>\n\t\t\t\t<div class=\"elementor-element elementor-element-bd892b8 elementor-widget elementor-widget-image\" data-id=\"bd892b8\" data-element_type=\"widget\" data-widget_type=\"image.default\">\n\t\t\t\t<div class=\"elementor-widget-container\">\n\t\t\t\t\t\t\t\t\t\t\t\t\t\t\t\t<a href=\"https:\/\/www.gobiernolocal.org\/acento-local\/las-bases-de-la-convocatoria-de-subvenciones-no-pueden-alterar-el-regimen-competencial-legalmente-establecido-bajo-el-diseno-de-requisito-subjetivo-sentencia-del-tribunal-supremo-98\/\">\n\t\t\t\t\t\t\t<img decoding=\"async\" width=\"800\" height=\"561\" src=\"https:\/\/www.gobiernolocal.org\/acento-local\/wp-content\/uploads\/2026\/04\/260424_800_01.jpg\" class=\"attachment-full size-full wp-image-4781\" alt=\"\" srcset=\"https:\/\/www.gobiernolocal.org\/acento-local\/wp-content\/uploads\/2026\/04\/260424_800_01.jpg 800w, https:\/\/www.gobiernolocal.org\/acento-local\/wp-content\/uploads\/2026\/04\/260424_800_01-300x210.jpg 300w, https:\/\/www.gobiernolocal.org\/acento-local\/wp-content\/uploads\/2026\/04\/260424_800_01-768x539.jpg 768w\" sizes=\"(max-width: 800px) 100vw, 800px\" \/>\t\t\t\t\t\t\t\t<\/a>\n\t\t\t\t\t\t\t\t\t\t\t\t\t\t\t<\/div>\n\t\t\t\t<\/div>\n\t\t\t\t<div class=\"elementor-element elementor-element-8cc8dea elementor-widget elementor-widget-jet-listing-dynamic-field\" data-id=\"8cc8dea\" data-element_type=\"widget\" data-widget_type=\"jet-listing-dynamic-field.default\">\n\t\t\t\t<div class=\"elementor-widget-container\">\n\t\t\t\t\t<div class=\"jet-listing jet-listing-dynamic-field display-inline\"><div class=\"jet-listing-dynamic-field__inline-wrap\"><div class=\"jet-listing-dynamic-field__content\" >24\/04\/2026<\/div><\/div><\/div>\t\t\t\t<\/div>\n\t\t\t\t<\/div>\n\t\t\t\t<div class=\"elementor-element elementor-element-04aebee elementor-widget elementor-widget-jet-listing-dynamic-terms\" data-id=\"04aebee\" data-element_type=\"widget\" data-widget_type=\"jet-listing-dynamic-terms.default\">\n\t\t\t\t<div class=\"elementor-widget-container\">\n\t\t\t\t\t<div class=\"jet-listing jet-listing-dynamic-terms\"><span class=\"jet-listing-dynamic-terms__prefix\">Autor\/a: <\/span><a href=\"https:\/\/www.gobiernolocal.org\/acento-local\/autor-post\/ana-garcia-garcia\/\" class=\"jet-listing-dynamic-terms__link\">Ana Garc\u00eda Garc\u00eda<\/a><\/div>\t\t\t\t<\/div>\n\t\t\t\t<\/div>\n\t\t\t\t<div class=\"elementor-element elementor-element-52bee68 elementor-widget elementor-widget-heading\" data-id=\"52bee68\" data-element_type=\"widget\" data-widget_type=\"heading.default\">\n\t\t\t\t<div class=\"elementor-widget-container\">\n\t\t\t\t\t<h3 class=\"elementor-heading-title elementor-size-default\"><a href=\"https:\/\/www.gobiernolocal.org\/acento-local\/las-bases-de-la-convocatoria-de-subvenciones-no-pueden-alterar-el-regimen-competencial-legalmente-establecido-bajo-el-diseno-de-requisito-subjetivo-sentencia-del-tribunal-supremo-98\/\">Las bases de la convocatoria de subvenciones no pueden alterar el r\u00e9gimen competencial legalmente establecido bajo el dise\u00f1o de \u201crequisito subjetivo\u201d. Sentencia del Tribunal Supremo 98\/2026<\/a><\/h3>\t\t\t\t<\/div>\n\t\t\t\t<\/div>\n\t\t\t\t<div class=\"elementor-element elementor-element-44c5031 elementor-widget elementor-widget-text-editor\" data-id=\"44c5031\" data-element_type=\"widget\" data-widget_type=\"text-editor.default\">\n\t\t\t\t<div class=\"elementor-widget-container\">\n\t\t\t\t\t\t\t\t\tEn la sentencia del Tribunal Supremo n\u00fam. 98\/2026, de 3 de febrero (recurso 945\/2023), se debate si las bases de una convocatoria de subvenciones pueden establecer como requisito adicional para su concesi\u00f3n el acuerdo del&#8230;\t\t\t\t\t\t\t\t<\/div>\n\t\t\t\t<\/div>\n\t\t\t\t<div class=\"elementor-element elementor-element-ef51f95 elementor-widget elementor-widget-jet-listing-dynamic-link\" data-id=\"ef51f95\" data-element_type=\"widget\" data-widget_type=\"jet-listing-dynamic-link.default\">\n\t\t\t\t<div class=\"elementor-widget-container\">\n\t\t\t\t\t<div class=\"jet-listing jet-listing-dynamic-link\"><a href=\"https:\/\/www.gobiernolocal.org\/acento-local\/las-bases-de-la-convocatoria-de-subvenciones-no-pueden-alterar-el-regimen-competencial-legalmente-establecido-bajo-el-diseno-de-requisito-subjetivo-sentencia-del-tribunal-supremo-98\/\" class=\"jet-listing-dynamic-link__link\"><span class=\"jet-listing-dynamic-link__label\">Leer m\u00e1s<\/span><\/a><\/div>\t\t\t\t<\/div>\n\t\t\t\t<\/div>\n\t\t\t\t\t<\/div>\n\t\t<\/div>\n\t\t\t\t\t<\/div>\n\t\t<\/section>\n\t\t\t\t<\/div>\n\t\t<\/div><div class=\"jet-listing-grid__item jet-listing-dynamic-post-4776\" data-post-id=\"4776\"  >\t\t<div data-elementor-type=\"jet-listing-items\" data-elementor-id=\"308\" class=\"elementor elementor-308\" data-elementor-post-type=\"jet-engine\">\n\t\t\t\t\t\t<section class=\"elementor-section elementor-top-section elementor-element elementor-element-4cc2031 elementor-section-height-min-height elementor-section-items-top elementor-section-boxed elementor-section-height-default\" data-id=\"4cc2031\" data-element_type=\"section\">\n\t\t\t\t\t\t<div class=\"elementor-container elementor-column-gap-default\">\n\t\t\t\t\t<div class=\"elementor-column elementor-col-100 elementor-top-column elementor-element elementor-element-ea32cdd\" data-id=\"ea32cdd\" data-element_type=\"column\">\n\t\t\t<div class=\"elementor-widget-wrap elementor-element-populated\">\n\t\t\t\t\t\t<div class=\"elementor-element elementor-element-94e1686 elementor-widget elementor-widget-jet-listing-dynamic-terms\" data-id=\"94e1686\" data-element_type=\"widget\" data-widget_type=\"jet-listing-dynamic-terms.default\">\n\t\t\t\t<div class=\"elementor-widget-container\">\n\t\t\t\t\t<div class=\"jet-listing jet-listing-dynamic-terms\"><span class=\"jet-listing-dynamic-terms__link\">Gobernanza<\/span><\/div>\t\t\t\t<\/div>\n\t\t\t\t<\/div>\n\t\t\t\t<div class=\"elementor-element elementor-element-bd892b8 elementor-widget elementor-widget-image\" data-id=\"bd892b8\" data-element_type=\"widget\" data-widget_type=\"image.default\">\n\t\t\t\t<div class=\"elementor-widget-container\">\n\t\t\t\t\t\t\t\t\t\t\t\t\t\t\t\t<a href=\"https:\/\/www.gobiernolocal.org\/acento-local\/el-juego-del-silencio-administrativo-en-las-solicitudes-de-informacion-ambiental\/\">\n\t\t\t\t\t\t\t<img loading=\"lazy\" decoding=\"async\" width=\"800\" height=\"561\" src=\"https:\/\/www.gobiernolocal.org\/acento-local\/wp-content\/uploads\/2026\/04\/260422_800_01.jpg\" class=\"attachment-full size-full wp-image-4778\" alt=\"\" srcset=\"https:\/\/www.gobiernolocal.org\/acento-local\/wp-content\/uploads\/2026\/04\/260422_800_01.jpg 800w, https:\/\/www.gobiernolocal.org\/acento-local\/wp-content\/uploads\/2026\/04\/260422_800_01-300x210.jpg 300w, https:\/\/www.gobiernolocal.org\/acento-local\/wp-content\/uploads\/2026\/04\/260422_800_01-768x539.jpg 768w\" sizes=\"(max-width: 800px) 100vw, 800px\" \/>\t\t\t\t\t\t\t\t<\/a>\n\t\t\t\t\t\t\t\t\t\t\t\t\t\t\t<\/div>\n\t\t\t\t<\/div>\n\t\t\t\t<div class=\"elementor-element elementor-element-8cc8dea elementor-widget elementor-widget-jet-listing-dynamic-field\" data-id=\"8cc8dea\" data-element_type=\"widget\" data-widget_type=\"jet-listing-dynamic-field.default\">\n\t\t\t\t<div class=\"elementor-widget-container\">\n\t\t\t\t\t<div class=\"jet-listing jet-listing-dynamic-field display-inline\"><div class=\"jet-listing-dynamic-field__inline-wrap\"><div class=\"jet-listing-dynamic-field__content\" >22\/04\/2026<\/div><\/div><\/div>\t\t\t\t<\/div>\n\t\t\t\t<\/div>\n\t\t\t\t<div class=\"elementor-element elementor-element-04aebee elementor-widget elementor-widget-jet-listing-dynamic-terms\" data-id=\"04aebee\" data-element_type=\"widget\" data-widget_type=\"jet-listing-dynamic-terms.default\">\n\t\t\t\t<div class=\"elementor-widget-container\">\n\t\t\t\t\t<div class=\"jet-listing jet-listing-dynamic-terms\"><span class=\"jet-listing-dynamic-terms__prefix\">Autor\/a: <\/span><a href=\"https:\/\/www.gobiernolocal.org\/acento-local\/autor-post\/javier-calvo-garcia\/\" class=\"jet-listing-dynamic-terms__link\">Javier Calvo Garc\u00eda<\/a><\/div>\t\t\t\t<\/div>\n\t\t\t\t<\/div>\n\t\t\t\t<div class=\"elementor-element elementor-element-52bee68 elementor-widget elementor-widget-heading\" data-id=\"52bee68\" data-element_type=\"widget\" data-widget_type=\"heading.default\">\n\t\t\t\t<div class=\"elementor-widget-container\">\n\t\t\t\t\t<h3 class=\"elementor-heading-title elementor-size-default\"><a href=\"https:\/\/www.gobiernolocal.org\/acento-local\/el-juego-del-silencio-administrativo-en-las-solicitudes-de-informacion-ambiental\/\">El juego del silencio administrativo en las solicitudes de informaci\u00f3n ambiental<\/a><\/h3>\t\t\t\t<\/div>\n\t\t\t\t<\/div>\n\t\t\t\t<div class=\"elementor-element elementor-element-ef51f95 elementor-widget elementor-widget-jet-listing-dynamic-link\" data-id=\"ef51f95\" data-element_type=\"widget\" data-widget_type=\"jet-listing-dynamic-link.default\">\n\t\t\t\t<div class=\"elementor-widget-container\">\n\t\t\t\t\t<div class=\"jet-listing jet-listing-dynamic-link\"><a href=\"https:\/\/www.gobiernolocal.org\/acento-local\/el-juego-del-silencio-administrativo-en-las-solicitudes-de-informacion-ambiental\/\" class=\"jet-listing-dynamic-link__link\"><span class=\"jet-listing-dynamic-link__label\">Leer m\u00e1s<\/span><\/a><\/div>\t\t\t\t<\/div>\n\t\t\t\t<\/div>\n\t\t\t\t\t<\/div>\n\t\t<\/div>\n\t\t\t\t\t<\/div>\n\t\t<\/section>\n\t\t\t\t<\/div>\n\t\t<\/div><div class=\"jet-listing-grid__item jet-listing-dynamic-post-4770\" data-post-id=\"4770\"  >\t\t<div data-elementor-type=\"jet-listing-items\" data-elementor-id=\"308\" class=\"elementor elementor-308\" data-elementor-post-type=\"jet-engine\">\n\t\t\t\t\t\t<section class=\"elementor-section elementor-top-section elementor-element elementor-element-4cc2031 elementor-section-height-min-height elementor-section-items-top elementor-section-boxed elementor-section-height-default\" data-id=\"4cc2031\" data-element_type=\"section\">\n\t\t\t\t\t\t<div class=\"elementor-container elementor-column-gap-default\">\n\t\t\t\t\t<div class=\"elementor-column elementor-col-100 elementor-top-column elementor-element elementor-element-ea32cdd\" data-id=\"ea32cdd\" data-element_type=\"column\">\n\t\t\t<div class=\"elementor-widget-wrap elementor-element-populated\">\n\t\t\t\t\t\t<div class=\"elementor-element elementor-element-94e1686 elementor-widget elementor-widget-jet-listing-dynamic-terms\" data-id=\"94e1686\" data-element_type=\"widget\" data-widget_type=\"jet-listing-dynamic-terms.default\">\n\t\t\t\t<div class=\"elementor-widget-container\">\n\t\t\t\t\t<div class=\"jet-listing jet-listing-dynamic-terms\"><span class=\"jet-listing-dynamic-terms__link\">Gobernanza<\/span><\/div>\t\t\t\t<\/div>\n\t\t\t\t<\/div>\n\t\t\t\t<div class=\"elementor-element elementor-element-bd892b8 elementor-widget elementor-widget-image\" data-id=\"bd892b8\" data-element_type=\"widget\" data-widget_type=\"image.default\">\n\t\t\t\t<div class=\"elementor-widget-container\">\n\t\t\t\t\t\t\t\t\t\t\t\t\t\t\t\t<a href=\"https:\/\/www.gobiernolocal.org\/acento-local\/publicidad-sancionadora-pena-reputacional-y-tutela-cautelar\/\">\n\t\t\t\t\t\t\t<img loading=\"lazy\" decoding=\"async\" width=\"800\" height=\"561\" src=\"https:\/\/www.gobiernolocal.org\/acento-local\/wp-content\/uploads\/2026\/04\/260415_800_01-1g03vc1g03vc1g03.jpg\" class=\"attachment-full size-full wp-image-4772\" alt=\"\" srcset=\"https:\/\/www.gobiernolocal.org\/acento-local\/wp-content\/uploads\/2026\/04\/260415_800_01-1g03vc1g03vc1g03.jpg 800w, https:\/\/www.gobiernolocal.org\/acento-local\/wp-content\/uploads\/2026\/04\/260415_800_01-1g03vc1g03vc1g03-300x210.jpg 300w, https:\/\/www.gobiernolocal.org\/acento-local\/wp-content\/uploads\/2026\/04\/260415_800_01-1g03vc1g03vc1g03-768x539.jpg 768w\" sizes=\"(max-width: 800px) 100vw, 800px\" \/>\t\t\t\t\t\t\t\t<\/a>\n\t\t\t\t\t\t\t\t\t\t\t\t\t\t\t<\/div>\n\t\t\t\t<\/div>\n\t\t\t\t<div class=\"elementor-element elementor-element-8cc8dea elementor-widget elementor-widget-jet-listing-dynamic-field\" data-id=\"8cc8dea\" data-element_type=\"widget\" data-widget_type=\"jet-listing-dynamic-field.default\">\n\t\t\t\t<div class=\"elementor-widget-container\">\n\t\t\t\t\t<div class=\"jet-listing jet-listing-dynamic-field display-inline\"><div class=\"jet-listing-dynamic-field__inline-wrap\"><div class=\"jet-listing-dynamic-field__content\" >15\/04\/2026<\/div><\/div><\/div>\t\t\t\t<\/div>\n\t\t\t\t<\/div>\n\t\t\t\t<div class=\"elementor-element elementor-element-04aebee elementor-widget elementor-widget-jet-listing-dynamic-terms\" data-id=\"04aebee\" data-element_type=\"widget\" data-widget_type=\"jet-listing-dynamic-terms.default\">\n\t\t\t\t<div class=\"elementor-widget-container\">\n\t\t\t\t\t<div class=\"jet-listing jet-listing-dynamic-terms\"><span class=\"jet-listing-dynamic-terms__prefix\">Autor\/a: <\/span><a href=\"https:\/\/www.gobiernolocal.org\/acento-local\/autor-post\/monica-dominguez-martin\/\" class=\"jet-listing-dynamic-terms__link\">M\u00f3nica Dom\u00ednguez Mart\u00edn<\/a><\/div>\t\t\t\t<\/div>\n\t\t\t\t<\/div>\n\t\t\t\t<div class=\"elementor-element elementor-element-52bee68 elementor-widget elementor-widget-heading\" data-id=\"52bee68\" data-element_type=\"widget\" data-widget_type=\"heading.default\">\n\t\t\t\t<div class=\"elementor-widget-container\">\n\t\t\t\t\t<h3 class=\"elementor-heading-title elementor-size-default\"><a href=\"https:\/\/www.gobiernolocal.org\/acento-local\/publicidad-sancionadora-pena-reputacional-y-tutela-cautelar\/\">Publicidad sancionadora, pena reputacional y tutela cautelar<\/a><\/h3>\t\t\t\t<\/div>\n\t\t\t\t<\/div>\n\t\t\t\t<div class=\"elementor-element elementor-element-44c5031 elementor-widget elementor-widget-text-editor\" data-id=\"44c5031\" data-element_type=\"widget\" data-widget_type=\"text-editor.default\">\n\t\t\t\t<div class=\"elementor-widget-container\">\n\t\t\t\t\t\t\t\t\tEl Tribunal Supremo, en la Sentencia 5017\/2025, de 29 de octubre, matiza su doctrina sobre la publicidad sancionadora a la luz del derecho de la Union Europea: si la sanci\u00f3n es firme en v\u00eda administrativa,&#8230;\t\t\t\t\t\t\t\t<\/div>\n\t\t\t\t<\/div>\n\t\t\t\t<div class=\"elementor-element elementor-element-ef51f95 elementor-widget elementor-widget-jet-listing-dynamic-link\" data-id=\"ef51f95\" data-element_type=\"widget\" data-widget_type=\"jet-listing-dynamic-link.default\">\n\t\t\t\t<div class=\"elementor-widget-container\">\n\t\t\t\t\t<div class=\"jet-listing jet-listing-dynamic-link\"><a href=\"https:\/\/www.gobiernolocal.org\/acento-local\/publicidad-sancionadora-pena-reputacional-y-tutela-cautelar\/\" class=\"jet-listing-dynamic-link__link\"><span class=\"jet-listing-dynamic-link__label\">Leer m\u00e1s<\/span><\/a><\/div>\t\t\t\t<\/div>\n\t\t\t\t<\/div>\n\t\t\t\t\t<\/div>\n\t\t<\/div>\n\t\t\t\t\t<\/div>\n\t\t<\/section>\n\t\t\t\t<\/div>\n\t\t<\/div><div class=\"jet-listing-grid__item jet-listing-dynamic-post-4763\" data-post-id=\"4763\"  >\t\t<div data-elementor-type=\"jet-listing-items\" data-elementor-id=\"308\" class=\"elementor elementor-308\" data-elementor-post-type=\"jet-engine\">\n\t\t\t\t\t\t<section class=\"elementor-section elementor-top-section elementor-element elementor-element-4cc2031 elementor-section-height-min-height elementor-section-items-top elementor-section-boxed elementor-section-height-default\" data-id=\"4cc2031\" data-element_type=\"section\">\n\t\t\t\t\t\t<div class=\"elementor-container elementor-column-gap-default\">\n\t\t\t\t\t<div class=\"elementor-column elementor-col-100 elementor-top-column elementor-element elementor-element-ea32cdd\" data-id=\"ea32cdd\" data-element_type=\"column\">\n\t\t\t<div class=\"elementor-widget-wrap elementor-element-populated\">\n\t\t\t\t\t\t<div class=\"elementor-element elementor-element-94e1686 elementor-widget elementor-widget-jet-listing-dynamic-terms\" data-id=\"94e1686\" data-element_type=\"widget\" data-widget_type=\"jet-listing-dynamic-terms.default\">\n\t\t\t\t<div class=\"elementor-widget-container\">\n\t\t\t\t\t<div class=\"jet-listing jet-listing-dynamic-terms\"><span class=\"jet-listing-dynamic-terms__link\">Jurisprudencia<\/span><\/div>\t\t\t\t<\/div>\n\t\t\t\t<\/div>\n\t\t\t\t<div class=\"elementor-element elementor-element-bd892b8 elementor-widget elementor-widget-image\" data-id=\"bd892b8\" data-element_type=\"widget\" data-widget_type=\"image.default\">\n\t\t\t\t<div class=\"elementor-widget-container\">\n\t\t\t\t\t\t\t\t\t\t\t\t\t\t\t\t<a href=\"https:\/\/www.gobiernolocal.org\/acento-local\/el-derecho-de-reversion-en-las-expropiaciones-urbanisticas-sentencia-del-tribunal-supremo-1394-2025\/\">\n\t\t\t\t\t\t\t<img loading=\"lazy\" decoding=\"async\" width=\"800\" height=\"600\" src=\"https:\/\/www.gobiernolocal.org\/acento-local\/wp-content\/uploads\/2026\/03\/260410_800_01-1489190497.jpg\" class=\"attachment-full size-full wp-image-4764\" alt=\"\" srcset=\"https:\/\/www.gobiernolocal.org\/acento-local\/wp-content\/uploads\/2026\/03\/260410_800_01-1489190497.jpg 800w, https:\/\/www.gobiernolocal.org\/acento-local\/wp-content\/uploads\/2026\/03\/260410_800_01-1489190497-300x225.jpg 300w, https:\/\/www.gobiernolocal.org\/acento-local\/wp-content\/uploads\/2026\/03\/260410_800_01-1489190497-768x576.jpg 768w\" sizes=\"(max-width: 800px) 100vw, 800px\" \/>\t\t\t\t\t\t\t\t<\/a>\n\t\t\t\t\t\t\t\t\t\t\t\t\t\t\t<\/div>\n\t\t\t\t<\/div>\n\t\t\t\t<div class=\"elementor-element elementor-element-8cc8dea elementor-widget elementor-widget-jet-listing-dynamic-field\" data-id=\"8cc8dea\" data-element_type=\"widget\" data-widget_type=\"jet-listing-dynamic-field.default\">\n\t\t\t\t<div class=\"elementor-widget-container\">\n\t\t\t\t\t<div class=\"jet-listing jet-listing-dynamic-field display-inline\"><div class=\"jet-listing-dynamic-field__inline-wrap\"><div class=\"jet-listing-dynamic-field__content\" >10\/04\/2026<\/div><\/div><\/div>\t\t\t\t<\/div>\n\t\t\t\t<\/div>\n\t\t\t\t<div class=\"elementor-element elementor-element-04aebee elementor-widget elementor-widget-jet-listing-dynamic-terms\" data-id=\"04aebee\" data-element_type=\"widget\" data-widget_type=\"jet-listing-dynamic-terms.default\">\n\t\t\t\t<div class=\"elementor-widget-container\">\n\t\t\t\t\t<div class=\"jet-listing jet-listing-dynamic-terms\"><span class=\"jet-listing-dynamic-terms__prefix\">Autor\/a: <\/span><a href=\"https:\/\/www.gobiernolocal.org\/acento-local\/autor-post\/miryam-quintanilla-navarro\/\" class=\"jet-listing-dynamic-terms__link\">Miryam Quintanilla Navarro<\/a><\/div>\t\t\t\t<\/div>\n\t\t\t\t<\/div>\n\t\t\t\t<div class=\"elementor-element elementor-element-52bee68 elementor-widget elementor-widget-heading\" data-id=\"52bee68\" data-element_type=\"widget\" data-widget_type=\"heading.default\">\n\t\t\t\t<div class=\"elementor-widget-container\">\n\t\t\t\t\t<h3 class=\"elementor-heading-title elementor-size-default\"><a href=\"https:\/\/www.gobiernolocal.org\/acento-local\/el-derecho-de-reversion-en-las-expropiaciones-urbanisticas-sentencia-del-tribunal-supremo-1394-2025\/\">El derecho de reversi\u00f3n en las expropiaciones urban\u00edsticas. Sentencia del Tribunal Supremo 1394\/2025<\/a><\/h3>\t\t\t\t<\/div>\n\t\t\t\t<\/div>\n\t\t\t\t<div class=\"elementor-element elementor-element-44c5031 elementor-widget elementor-widget-text-editor\" data-id=\"44c5031\" data-element_type=\"widget\" data-widget_type=\"text-editor.default\">\n\t\t\t\t<div class=\"elementor-widget-container\">\n\t\t\t\t\t\t\t\t\tEl Tribunal Supremo sostiene que los presupuestos habilitantes del ejercicio del derecho de reversi\u00f3n contemplados en la legislaci\u00f3n general sobre expropiaci\u00f3n forzosa son de aplicaci\u00f3n a las expropiaciones urban\u00edsticas con car\u00e1cter supletorio siempre que sean&#8230;\t\t\t\t\t\t\t\t<\/div>\n\t\t\t\t<\/div>\n\t\t\t\t<div class=\"elementor-element elementor-element-ef51f95 elementor-widget elementor-widget-jet-listing-dynamic-link\" data-id=\"ef51f95\" data-element_type=\"widget\" data-widget_type=\"jet-listing-dynamic-link.default\">\n\t\t\t\t<div class=\"elementor-widget-container\">\n\t\t\t\t\t<div class=\"jet-listing jet-listing-dynamic-link\"><a href=\"https:\/\/www.gobiernolocal.org\/acento-local\/el-derecho-de-reversion-en-las-expropiaciones-urbanisticas-sentencia-del-tribunal-supremo-1394-2025\/\" class=\"jet-listing-dynamic-link__link\"><span class=\"jet-listing-dynamic-link__label\">Leer m\u00e1s<\/span><\/a><\/div>\t\t\t\t<\/div>\n\t\t\t\t<\/div>\n\t\t\t\t\t<\/div>\n\t\t<\/div>\n\t\t\t\t\t<\/div>\n\t\t<\/section>\n\t\t\t\t<\/div>\n\t\t<\/div><div class=\"jet-listing-grid__item jet-listing-dynamic-post-4756\" data-post-id=\"4756\"  >\t\t<div data-elementor-type=\"jet-listing-items\" data-elementor-id=\"308\" class=\"elementor elementor-308\" data-elementor-post-type=\"jet-engine\">\n\t\t\t\t\t\t<section class=\"elementor-section elementor-top-section elementor-element elementor-element-4cc2031 elementor-section-height-min-height elementor-section-items-top elementor-section-boxed elementor-section-height-default\" data-id=\"4cc2031\" data-element_type=\"section\">\n\t\t\t\t\t\t<div class=\"elementor-container elementor-column-gap-default\">\n\t\t\t\t\t<div class=\"elementor-column elementor-col-100 elementor-top-column elementor-element elementor-element-ea32cdd\" data-id=\"ea32cdd\" data-element_type=\"column\">\n\t\t\t<div class=\"elementor-widget-wrap elementor-element-populated\">\n\t\t\t\t\t\t<div class=\"elementor-element elementor-element-94e1686 elementor-widget elementor-widget-jet-listing-dynamic-terms\" data-id=\"94e1686\" data-element_type=\"widget\" data-widget_type=\"jet-listing-dynamic-terms.default\">\n\t\t\t\t<div class=\"elementor-widget-container\">\n\t\t\t\t\t<div class=\"jet-listing jet-listing-dynamic-terms\"><span class=\"jet-listing-dynamic-terms__link\">Innovaci\u00f3n y Sostenibilidad<\/span><\/div>\t\t\t\t<\/div>\n\t\t\t\t<\/div>\n\t\t\t\t<div class=\"elementor-element elementor-element-bd892b8 elementor-widget elementor-widget-image\" data-id=\"bd892b8\" data-element_type=\"widget\" data-widget_type=\"image.default\">\n\t\t\t\t<div class=\"elementor-widget-container\">\n\t\t\t\t\t\t\t\t\t\t\t\t\t\t\t\t<a href=\"https:\/\/www.gobiernolocal.org\/acento-local\/las-entidades-privadas-de-certificacion-urbanistica-en-la-comunidad-autonoma-de-las-illes-balears\/\">\n\t\t\t\t\t\t\t<img loading=\"lazy\" decoding=\"async\" width=\"800\" height=\"533\" src=\"https:\/\/www.gobiernolocal.org\/acento-local\/wp-content\/uploads\/2026\/03\/260408_800_01-2257233068.jpg\" class=\"attachment-full size-full wp-image-4759\" alt=\"\" srcset=\"https:\/\/www.gobiernolocal.org\/acento-local\/wp-content\/uploads\/2026\/03\/260408_800_01-2257233068.jpg 800w, https:\/\/www.gobiernolocal.org\/acento-local\/wp-content\/uploads\/2026\/03\/260408_800_01-2257233068-300x200.jpg 300w, https:\/\/www.gobiernolocal.org\/acento-local\/wp-content\/uploads\/2026\/03\/260408_800_01-2257233068-768x512.jpg 768w\" sizes=\"(max-width: 800px) 100vw, 800px\" \/>\t\t\t\t\t\t\t\t<\/a>\n\t\t\t\t\t\t\t\t\t\t\t\t\t\t\t<\/div>\n\t\t\t\t<\/div>\n\t\t\t\t<div class=\"elementor-element elementor-element-8cc8dea elementor-widget elementor-widget-jet-listing-dynamic-field\" data-id=\"8cc8dea\" data-element_type=\"widget\" data-widget_type=\"jet-listing-dynamic-field.default\">\n\t\t\t\t<div class=\"elementor-widget-container\">\n\t\t\t\t\t<div class=\"jet-listing jet-listing-dynamic-field display-inline\"><div class=\"jet-listing-dynamic-field__inline-wrap\"><div class=\"jet-listing-dynamic-field__content\" >08\/04\/2026<\/div><\/div><\/div>\t\t\t\t<\/div>\n\t\t\t\t<\/div>\n\t\t\t\t<div class=\"elementor-element elementor-element-04aebee elementor-widget elementor-widget-jet-listing-dynamic-terms\" data-id=\"04aebee\" data-element_type=\"widget\" data-widget_type=\"jet-listing-dynamic-terms.default\">\n\t\t\t\t<div class=\"elementor-widget-container\">\n\t\t\t\t\t<div class=\"jet-listing jet-listing-dynamic-terms\"><span class=\"jet-listing-dynamic-terms__prefix\">Autor\/a: <\/span><a href=\"https:\/\/www.gobiernolocal.org\/acento-local\/autor-post\/aina-maria-salom-parets\/\" class=\"jet-listing-dynamic-terms__link\">Aina Maria Salom Parets<\/a><span class=\"jet-listing-dynamic-terms__delimiter\"> - <\/span> <a href=\"https:\/\/www.gobiernolocal.org\/acento-local\/autor-post\/jaume-munar-fullana\/\" class=\"jet-listing-dynamic-terms__link\">Jaume Munar Fullana<\/a><\/div>\t\t\t\t<\/div>\n\t\t\t\t<\/div>\n\t\t\t\t<div class=\"elementor-element elementor-element-52bee68 elementor-widget elementor-widget-heading\" data-id=\"52bee68\" data-element_type=\"widget\" data-widget_type=\"heading.default\">\n\t\t\t\t<div class=\"elementor-widget-container\">\n\t\t\t\t\t<h3 class=\"elementor-heading-title elementor-size-default\"><a href=\"https:\/\/www.gobiernolocal.org\/acento-local\/las-entidades-privadas-de-certificacion-urbanistica-en-la-comunidad-autonoma-de-las-illes-balears\/\">Las entidades privadas de certificaci\u00f3n urban\u00edstica en la Comunidad Aut\u00f3noma de las Illes Balears<\/a><\/h3>\t\t\t\t<\/div>\n\t\t\t\t<\/div>\n\t\t\t\t<div class=\"elementor-element elementor-element-44c5031 elementor-widget elementor-widget-text-editor\" data-id=\"44c5031\" data-element_type=\"widget\" data-widget_type=\"text-editor.default\">\n\t\t\t\t<div class=\"elementor-widget-container\">\n\t\t\t\t\t\t\t\t\tPrimeros resultados pr\u00e1cticos del nuevo sistema que agiliza la tramitaci\u00f3n de las licencias urban\u00edsticas sin perder garant\u00edas: normativa, funcionamiento y beneficios para la ciudadan\u00eda&#8230;.\t\t\t\t\t\t\t\t<\/div>\n\t\t\t\t<\/div>\n\t\t\t\t<div class=\"elementor-element elementor-element-ef51f95 elementor-widget elementor-widget-jet-listing-dynamic-link\" data-id=\"ef51f95\" data-element_type=\"widget\" data-widget_type=\"jet-listing-dynamic-link.default\">\n\t\t\t\t<div class=\"elementor-widget-container\">\n\t\t\t\t\t<div class=\"jet-listing jet-listing-dynamic-link\"><a href=\"https:\/\/www.gobiernolocal.org\/acento-local\/las-entidades-privadas-de-certificacion-urbanistica-en-la-comunidad-autonoma-de-las-illes-balears\/\" class=\"jet-listing-dynamic-link__link\"><span class=\"jet-listing-dynamic-link__label\">Leer m\u00e1s<\/span><\/a><\/div>\t\t\t\t<\/div>\n\t\t\t\t<\/div>\n\t\t\t\t\t<\/div>\n\t\t<\/div>\n\t\t\t\t\t<\/div>\n\t\t<\/section>\n\t\t\t\t<\/div>\n\t\t<\/div><\/div><\/div>\t\t\t\t<\/div>\n\t\t\t\t<\/div>\n\t\t\t\t<div class=\"elementor-element elementor-element-97b2ee2 elementor-widget elementor-widget-jet-smart-filters-pagination\" data-id=\"97b2ee2\" data-element_type=\"widget\" data-widget_type=\"jet-smart-filters-pagination.default\">\n\t\t\t\t<div class=\"elementor-widget-container\">\n\t\t\t\t\t<div\n\t\t\t\tclass=\"jet-smart-filters-pagination jet-filter\"\n\t\t\t\tdata-apply-provider=\"jet-engine\"\n\t\t\t\tdata-content-provider=\"jet-engine\"\n\t\t\t\tdata-query-id=\"post-paginacion\"\n\t\t\t\tdata-controls=\"{&quot;items_enabled&quot;:true,&quot;pages_mid_size&quot;:4,&quot;pages_end_size&quot;:2,&quot;nav_enabled&quot;:true,&quot;prev&quot;:&quot;&lt;i class=\\&quot;fa fa-angle-left\\&quot; aria-hidden=\\&quot;true\\&quot;&gt;&lt;\\\/i&gt;&quot;,&quot;next&quot;:&quot;&lt;i class=\\&quot;fa fa-angle-right\\&quot; aria-hidden=\\&quot;true\\&quot;&gt;&lt;\\\/i&gt;&quot;,&quot;hide_inactive_nav&quot;:true,&quot;load_more_enabled&quot;:false,&quot;provider_top_offset&quot;:0}\"\n\t\t\t\tdata-apply-type=\"ajax\"\n\t\t\t><\/div>\t\t\t\t<\/div>\n\t\t\t\t<\/div>\n\t\t\t\t\t<\/div>\n\t\t<\/div>\n\t\t\t\t\t<\/div>\n\t\t<\/section>\n\t\t\t\t<section class=\"elementor-section elementor-top-section elementor-element elementor-element-9bc0a1c elementor-section-boxed elementor-section-height-default elementor-section-height-default\" data-id=\"9bc0a1c\" data-element_type=\"section\" id=\"materias\" data-settings=\"{&quot;background_background&quot;:&quot;classic&quot;}\">\n\t\t\t\t\t\t<div class=\"elementor-container elementor-column-gap-default\">\n\t\t\t\t\t<div class=\"elementor-column elementor-col-100 elementor-top-column elementor-element elementor-element-548dfc7\" data-id=\"548dfc7\" data-element_type=\"column\" data-settings=\"{&quot;background_background&quot;:&quot;classic&quot;}\">\n\t\t\t<div class=\"elementor-widget-wrap elementor-element-populated\">\n\t\t\t\t\t\t<div class=\"elementor-element elementor-element-d58cc58 elementor-widget elementor-widget-wp-widget-f2-tagcloud\" data-id=\"d58cc58\" data-element_type=\"widget\" data-widget_type=\"wp-widget-f2-tagcloud.default\">\n\t\t\t\t<div class=\"elementor-widget-container\">\n\t\t\t\t\t<h5>En Acento Local hablamos sobre las materias:<\/h5><div class=\"tagcloud\"><a href=\"https:\/\/www.gobiernolocal.org\/acento-local\/Materias\/acceso-a-la-informacion-publica\/\" class=\"tag-cloud-link tag-link-53 tag-link-position-1\" style=\"font-size: 15.22602739726px;\" aria-label=\"Acceso a la informaci\u00f3n p\u00fablica (8 elementos)\">Acceso a la informaci\u00f3n p\u00fablica<\/a>\n<a href=\"https:\/\/www.gobiernolocal.org\/acento-local\/Materias\/actos-politicos\/\" class=\"tag-cloud-link tag-link-124 tag-link-position-2\" style=\"font-size: 13.616438356164px;\" aria-label=\"Actos pol\u00edticos (2 elementos)\">Actos pol\u00edticos<\/a>\n<a href=\"https:\/\/www.gobiernolocal.org\/acento-local\/Materias\/alcalde\/\" class=\"tag-cloud-link tag-link-194 tag-link-position-3\" style=\"font-size: 15.397260273973px;\" aria-label=\"Alcalde (9 elementos)\">Alcalde<\/a>\n<a href=\"https:\/\/www.gobiernolocal.org\/acento-local\/Materias\/autonomia-local\/\" class=\"tag-cloud-link tag-link-51 tag-link-position-4\" style=\"font-size: 16.938356164384px;\" aria-label=\"Autonom\u00eda local (27 elementos)\">Autonom\u00eda local<\/a>\n<a href=\"https:\/\/www.gobiernolocal.org\/acento-local\/Materias\/bienes-publicos\/\" class=\"tag-cloud-link tag-link-141 tag-link-position-5\" style=\"font-size: 15.671232876712px;\" aria-label=\"Bienes p\u00fablicos (11 elementos)\">Bienes p\u00fablicos<\/a>\n<a href=\"https:\/\/www.gobiernolocal.org\/acento-local\/Materias\/blockchain\/\" class=\"tag-cloud-link tag-link-54 tag-link-position-6\" style=\"font-size: 13.616438356164px;\" aria-label=\"Blockchain (2 elementos)\">Blockchain<\/a>\n<a href=\"https:\/\/www.gobiernolocal.org\/acento-local\/Materias\/buena-administracion\/\" class=\"tag-cloud-link tag-link-94 tag-link-position-7\" style=\"font-size: 16.013698630137px;\" aria-label=\"Buena administraci\u00f3n (14 elementos)\">Buena administraci\u00f3n<\/a>\n<a href=\"https:\/\/www.gobiernolocal.org\/acento-local\/Materias\/buen-gobierno\/\" class=\"tag-cloud-link tag-link-148 tag-link-position-8\" style=\"font-size: 15.397260273973px;\" aria-label=\"Buen gobierno (9 elementos)\">Buen gobierno<\/a>\n<a href=\"https:\/\/www.gobiernolocal.org\/acento-local\/Materias\/cambio-climatico\/\" class=\"tag-cloud-link tag-link-74 tag-link-position-9\" style=\"font-size: 16.356164383562px;\" aria-label=\"Cambio clim\u00e1tico (18 elementos)\">Cambio clim\u00e1tico<\/a>\n<a href=\"https:\/\/www.gobiernolocal.org\/acento-local\/Materias\/ciudadanos\/\" class=\"tag-cloud-link tag-link-245 tag-link-position-10\" style=\"font-size: 14.643835616438px;\" aria-label=\"Ciudadanos (5 elementos)\">Ciudadanos<\/a>\n<a href=\"https:\/\/www.gobiernolocal.org\/acento-local\/Materias\/ciudades-inteligentes\/\" class=\"tag-cloud-link tag-link-120 tag-link-position-11\" style=\"font-size: 15.054794520548px;\" aria-label=\"Ciudades inteligentes (7 elementos)\">Ciudades inteligentes<\/a>\n<a href=\"https:\/\/www.gobiernolocal.org\/acento-local\/Materias\/comercio\/\" class=\"tag-cloud-link tag-link-57 tag-link-position-12\" style=\"font-size: 14.027397260274px;\" aria-label=\"Comercio (3 elementos)\">Comercio<\/a>\n<a href=\"https:\/\/www.gobiernolocal.org\/acento-local\/Materias\/competencias\/\" class=\"tag-cloud-link tag-link-63 tag-link-position-13\" style=\"font-size: 18px;\" aria-label=\"Competencias (57 elementos)\">Competencias<\/a>\n<a href=\"https:\/\/www.gobiernolocal.org\/acento-local\/Materias\/concejales\/\" class=\"tag-cloud-link tag-link-111 tag-link-position-14\" style=\"font-size: 16.698630136986px;\" aria-label=\"Concejales (23 elementos)\">Concejales<\/a>\n<a href=\"https:\/\/www.gobiernolocal.org\/acento-local\/Materias\/consorcios\/\" class=\"tag-cloud-link tag-link-110 tag-link-position-15\" style=\"font-size: 14.883561643836px;\" aria-label=\"Consorcios (6 elementos)\">Consorcios<\/a>\n<a href=\"https:\/\/www.gobiernolocal.org\/acento-local\/Materias\/contratos\/\" class=\"tag-cloud-link tag-link-59 tag-link-position-16\" style=\"font-size: 17.349315068493px;\" aria-label=\"Contratos (36 elementos)\">Contratos<\/a>\n<a href=\"https:\/\/www.gobiernolocal.org\/acento-local\/Materias\/convenios\/\" class=\"tag-cloud-link tag-link-82 tag-link-position-17\" style=\"font-size: 15.397260273973px;\" aria-label=\"Convenios (9 elementos)\">Convenios<\/a>\n<a href=\"https:\/\/www.gobiernolocal.org\/acento-local\/Materias\/crisis-sanitaria\/\" class=\"tag-cloud-link tag-link-25 tag-link-position-18\" style=\"font-size: 13.616438356164px;\" aria-label=\"Crisis sanitaria (2 elementos)\">Crisis sanitaria<\/a>\n<a href=\"https:\/\/www.gobiernolocal.org\/acento-local\/Materias\/declaracion-responsable\/\" class=\"tag-cloud-link tag-link-161 tag-link-position-19\" style=\"font-size: 14.027397260274px;\" aria-label=\"Declaraci\u00f3n responsable (3 elementos)\">Declaraci\u00f3n responsable<\/a>\n<a href=\"https:\/\/www.gobiernolocal.org\/acento-local\/Materias\/denunciantes\/\" class=\"tag-cloud-link tag-link-126 tag-link-position-20\" style=\"font-size: 13.616438356164px;\" aria-label=\"Denunciantes (2 elementos)\">Denunciantes<\/a>\n<a href=\"https:\/\/www.gobiernolocal.org\/acento-local\/Materias\/despoblacion\/\" class=\"tag-cloud-link tag-link-47 tag-link-position-21\" style=\"font-size: 15.397260273973px;\" aria-label=\"Despoblaci\u00f3n (9 elementos)\">Despoblaci\u00f3n<\/a>\n<a href=\"https:\/\/www.gobiernolocal.org\/acento-local\/Materias\/digitalizacion\/\" class=\"tag-cloud-link tag-link-49 tag-link-position-22\" style=\"font-size: 16.082191780822px;\" aria-label=\"Digitalizaci\u00f3n (15 elementos)\">Digitalizaci\u00f3n<\/a>\n<a href=\"https:\/\/www.gobiernolocal.org\/acento-local\/Materias\/diputaciones\/\" class=\"tag-cloud-link tag-link-62 tag-link-position-23\" style=\"font-size: 16.013698630137px;\" aria-label=\"Diputaciones (14 elementos)\">Diputaciones<\/a>\n<a href=\"https:\/\/www.gobiernolocal.org\/acento-local\/Materias\/elecciones-y-consultas\/\" class=\"tag-cloud-link tag-link-220 tag-link-position-24\" style=\"font-size: 14.643835616438px;\" aria-label=\"Elecciones y consultas (5 elementos)\">Elecciones y consultas<\/a>\n<a href=\"https:\/\/www.gobiernolocal.org\/acento-local\/Materias\/entidades-colaboradoras\/\" class=\"tag-cloud-link tag-link-98 tag-link-position-25\" style=\"font-size: 15.054794520548px;\" aria-label=\"Entidades colaboradoras (7 elementos)\">Entidades colaboradoras<\/a>\n<a href=\"https:\/\/www.gobiernolocal.org\/acento-local\/Materias\/financiacion\/\" class=\"tag-cloud-link tag-link-103 tag-link-position-26\" style=\"font-size: 16.972602739726px;\" aria-label=\"Financiaci\u00f3n (28 elementos)\">Financiaci\u00f3n<\/a>\n<a href=\"https:\/\/www.gobiernolocal.org\/acento-local\/Materias\/funcion-publica\/\" class=\"tag-cloud-link tag-link-99 tag-link-position-27\" style=\"font-size: 17.520547945205px;\" aria-label=\"Funci\u00f3n p\u00fablica (41 elementos)\">Funci\u00f3n p\u00fablica<\/a>\n<a href=\"https:\/\/www.gobiernolocal.org\/acento-local\/Materias\/gestion-residuos\/\" class=\"tag-cloud-link tag-link-30 tag-link-position-28\" style=\"font-size: 15.054794520548px;\" aria-label=\"Gesti\u00f3n residuos (7 elementos)\">Gesti\u00f3n residuos<\/a>\n<a href=\"https:\/\/www.gobiernolocal.org\/acento-local\/Materias\/interoperabilidad\/\" class=\"tag-cloud-link tag-link-52 tag-link-position-29\" style=\"font-size: 14.027397260274px;\" aria-label=\"Interoperabilidad (3 elementos)\">Interoperabilidad<\/a>\n<a href=\"https:\/\/www.gobiernolocal.org\/acento-local\/Materias\/jurisdiccion\/\" class=\"tag-cloud-link tag-link-243 tag-link-position-30\" style=\"font-size: 14.027397260274px;\" aria-label=\"Jurisdicci\u00f3n (3 elementos)\">Jurisdicci\u00f3n<\/a>\n<a href=\"https:\/\/www.gobiernolocal.org\/acento-local\/Materias\/mejora-regulatoria\/\" class=\"tag-cloud-link tag-link-45 tag-link-position-31\" style=\"font-size: 16.630136986301px;\" aria-label=\"Mejora regulatoria (22 elementos)\">Mejora regulatoria<\/a>\n<a href=\"https:\/\/www.gobiernolocal.org\/acento-local\/Materias\/notificaciones\/\" class=\"tag-cloud-link tag-link-76 tag-link-position-32\" style=\"font-size: 14.643835616438px;\" aria-label=\"Notificaciones (5 elementos)\">Notificaciones<\/a>\n<a href=\"https:\/\/www.gobiernolocal.org\/acento-local\/Materias\/ordenanzas-municipales\/\" class=\"tag-cloud-link tag-link-167 tag-link-position-33\" style=\"font-size: 16.184931506849px;\" aria-label=\"Ordenanzas municipales (16 elementos)\">Ordenanzas municipales<\/a>\n<a href=\"https:\/\/www.gobiernolocal.org\/acento-local\/Materias\/organos-colegiados\/\" class=\"tag-cloud-link tag-link-136 tag-link-position-34\" style=\"font-size: 14.883561643836px;\" aria-label=\"Organos colegiados (6 elementos)\">Organos colegiados<\/a>\n<a href=\"https:\/\/www.gobiernolocal.org\/acento-local\/Materias\/padron-habitantes\/\" class=\"tag-cloud-link tag-link-144 tag-link-position-35\" style=\"font-size: 14.643835616438px;\" aria-label=\"Padr\u00f3n habitantes (5 elementos)\">Padr\u00f3n habitantes<\/a>\n<a href=\"https:\/\/www.gobiernolocal.org\/acento-local\/Materias\/personas-juridicas\/\" class=\"tag-cloud-link tag-link-85 tag-link-position-36\" style=\"font-size: 14.027397260274px;\" aria-label=\"Personas jur\u00eddicas (3 elementos)\">Personas jur\u00eddicas<\/a>\n<a href=\"https:\/\/www.gobiernolocal.org\/acento-local\/Materias\/pleno\/\" class=\"tag-cloud-link tag-link-89 tag-link-position-37\" style=\"font-size: 15.77397260274px;\" aria-label=\"Pleno (12 elementos)\">Pleno<\/a>\n<a href=\"https:\/\/www.gobiernolocal.org\/acento-local\/Materias\/potestad-reglamentaria\/\" class=\"tag-cloud-link tag-link-27 tag-link-position-38\" style=\"font-size: 15.534246575342px;\" aria-label=\"Potestad reglamentaria (10 elementos)\">Potestad reglamentaria<\/a>\n<a href=\"https:\/\/www.gobiernolocal.org\/acento-local\/Materias\/potestad-sancionadora\/\" class=\"tag-cloud-link tag-link-252 tag-link-position-39\" style=\"font-size: 13px;\" aria-label=\"Potestad sancionadora (1 elemento)\">Potestad sancionadora<\/a>\n<a href=\"https:\/\/www.gobiernolocal.org\/acento-local\/Materias\/procedimiento-administrativo\/\" class=\"tag-cloud-link tag-link-142 tag-link-position-40\" style=\"font-size: 17.86301369863px;\" aria-label=\"Procedimiento administrativo (52 elementos)\">Procedimiento administrativo<\/a>\n<a href=\"https:\/\/www.gobiernolocal.org\/acento-local\/Materias\/regimenes-especiales\/\" class=\"tag-cloud-link tag-link-119 tag-link-position-41\" style=\"font-size: 15.671232876712px;\" aria-label=\"Reg\u00edmenes especiales (11 elementos)\">Reg\u00edmenes especiales<\/a>\n<a href=\"https:\/\/www.gobiernolocal.org\/acento-local\/Materias\/responsabilidad\/\" class=\"tag-cloud-link tag-link-117 tag-link-position-42\" style=\"font-size: 15.054794520548px;\" aria-label=\"Responsabilidad (7 elementos)\">Responsabilidad<\/a>\n<a href=\"https:\/\/www.gobiernolocal.org\/acento-local\/Materias\/servicios-publicos\/\" class=\"tag-cloud-link tag-link-48 tag-link-position-43\" style=\"font-size: 16.767123287671px;\" aria-label=\"Servicios p\u00fablicos (24 elementos)\">Servicios p\u00fablicos<\/a>\n<a href=\"https:\/\/www.gobiernolocal.org\/acento-local\/Materias\/subvenciones\/\" class=\"tag-cloud-link tag-link-50 tag-link-position-44\" style=\"font-size: 14.883561643836px;\" aria-label=\"Subvenciones (6 elementos)\">Subvenciones<\/a>\n<a href=\"https:\/\/www.gobiernolocal.org\/acento-local\/Materias\/turismo\/\" class=\"tag-cloud-link tag-link-106 tag-link-position-45\" style=\"font-size: 14.643835616438px;\" aria-label=\"Turismo (5 elementos)\">Turismo<\/a>\n<a href=\"https:\/\/www.gobiernolocal.org\/acento-local\/Materias\/unidad-de-mercado\/\" class=\"tag-cloud-link tag-link-218 tag-link-position-46\" style=\"font-size: 14.027397260274px;\" aria-label=\"Unidad de mercado (3 elementos)\">Unidad de mercado<\/a>\n<a href=\"https:\/\/www.gobiernolocal.org\/acento-local\/Materias\/urbanismo\/\" class=\"tag-cloud-link tag-link-107 tag-link-position-47\" style=\"font-size: 17.178082191781px;\" aria-label=\"Urbanismo (32 elementos)\">Urbanismo<\/a>\n<a href=\"https:\/\/www.gobiernolocal.org\/acento-local\/Materias\/vivienda\/\" class=\"tag-cloud-link tag-link-112 tag-link-position-48\" style=\"font-size: 15.91095890411px;\" aria-label=\"Vivienda (13 elementos)\">Vivienda<\/a>\n<a href=\"https:\/\/www.gobiernolocal.org\/acento-local\/Materias\/zonas-de-bajas-emisiones\/\" class=\"tag-cloud-link tag-link-150 tag-link-position-49\" style=\"font-size: 15.397260273973px;\" aria-label=\"Zonas de bajas emisiones (9 elementos)\">Zonas de bajas emisiones<\/a><\/div>\t\t\t\t<\/div>\n\t\t\t\t<\/div>\n\t\t\t\t<div class=\"elementor-element elementor-element-7604ff7 elementor-hidden-desktop elementor-hidden-tablet elementor-hidden-mobile elementor-widget elementor-widget-wp-widget-tag_cloud\" data-id=\"7604ff7\" data-element_type=\"widget\" data-widget_type=\"wp-widget-tag_cloud.default\">\n\t\t\t\t<div class=\"elementor-widget-container\">\n\t\t\t\t\t<h5>En Acento Local hablamos sobre las materias:<\/h5><nav aria-label=\"En Acento Local hablamos sobre las materias:\"><div class=\"tagcloud\"><a href=\"https:\/\/www.gobiernolocal.org\/acento-local\/Materias\/acceso-a-la-informacion-publica\/\" class=\"tag-cloud-link tag-link-53 tag-link-position-1\" style=\"font-size: 14.8359375px;\" aria-label=\"Acceso a la informaci\u00f3n p\u00fablica (8 elementos)\">Acceso a la informaci\u00f3n p\u00fablica<\/a>\n<a href=\"https:\/\/www.gobiernolocal.org\/acento-local\/Materias\/alcalde\/\" class=\"tag-cloud-link tag-link-194 tag-link-position-2\" style=\"font-size: 15.03125px;\" aria-label=\"Alcalde (9 elementos)\">Alcalde<\/a>\n<a href=\"https:\/\/www.gobiernolocal.org\/acento-local\/Materias\/autonomia-local\/\" class=\"tag-cloud-link tag-link-51 tag-link-position-3\" style=\"font-size: 16.7890625px;\" aria-label=\"Autonom\u00eda local (27 elementos)\">Autonom\u00eda local<\/a>\n<a href=\"https:\/\/www.gobiernolocal.org\/acento-local\/Materias\/bienes-publicos\/\" class=\"tag-cloud-link tag-link-141 tag-link-position-4\" style=\"font-size: 15.34375px;\" aria-label=\"Bienes p\u00fablicos (11 elementos)\">Bienes p\u00fablicos<\/a>\n<a href=\"https:\/\/www.gobiernolocal.org\/acento-local\/Materias\/buena-administracion\/\" class=\"tag-cloud-link tag-link-94 tag-link-position-5\" style=\"font-size: 15.734375px;\" aria-label=\"Buena administraci\u00f3n (14 elementos)\">Buena administraci\u00f3n<\/a>\n<a href=\"https:\/\/www.gobiernolocal.org\/acento-local\/Materias\/buen-gobierno\/\" class=\"tag-cloud-link tag-link-148 tag-link-position-6\" style=\"font-size: 15.03125px;\" aria-label=\"Buen gobierno (9 elementos)\">Buen gobierno<\/a>\n<a href=\"https:\/\/www.gobiernolocal.org\/acento-local\/Materias\/cambio-climatico\/\" class=\"tag-cloud-link tag-link-74 tag-link-position-7\" style=\"font-size: 16.125px;\" aria-label=\"Cambio clim\u00e1tico (18 elementos)\">Cambio clim\u00e1tico<\/a>\n<a href=\"https:\/\/www.gobiernolocal.org\/acento-local\/Materias\/ciudadanos\/\" class=\"tag-cloud-link tag-link-245 tag-link-position-8\" style=\"font-size: 14.171875px;\" aria-label=\"Ciudadanos (5 elementos)\">Ciudadanos<\/a>\n<a href=\"https:\/\/www.gobiernolocal.org\/acento-local\/Materias\/ciudades-inteligentes\/\" class=\"tag-cloud-link tag-link-120 tag-link-position-9\" style=\"font-size: 14.640625px;\" aria-label=\"Ciudades inteligentes (7 elementos)\">Ciudades inteligentes<\/a>\n<a href=\"https:\/\/www.gobiernolocal.org\/acento-local\/Materias\/comercio\/\" class=\"tag-cloud-link tag-link-57 tag-link-position-10\" style=\"font-size: 13.46875px;\" aria-label=\"Comercio (3 elementos)\">Comercio<\/a>\n<a href=\"https:\/\/www.gobiernolocal.org\/acento-local\/Materias\/competencias\/\" class=\"tag-cloud-link tag-link-63 tag-link-position-11\" style=\"font-size: 18px;\" aria-label=\"Competencias (57 elementos)\">Competencias<\/a>\n<a href=\"https:\/\/www.gobiernolocal.org\/acento-local\/Materias\/concejales\/\" class=\"tag-cloud-link tag-link-111 tag-link-position-12\" style=\"font-size: 16.515625px;\" aria-label=\"Concejales (23 elementos)\">Concejales<\/a>\n<a href=\"https:\/\/www.gobiernolocal.org\/acento-local\/Materias\/consorcios\/\" class=\"tag-cloud-link tag-link-110 tag-link-position-13\" style=\"font-size: 14.4453125px;\" aria-label=\"Consorcios (6 elementos)\">Consorcios<\/a>\n<a href=\"https:\/\/www.gobiernolocal.org\/acento-local\/Materias\/contratos\/\" class=\"tag-cloud-link tag-link-59 tag-link-position-14\" style=\"font-size: 17.2578125px;\" aria-label=\"Contratos (36 elementos)\">Contratos<\/a>\n<a href=\"https:\/\/www.gobiernolocal.org\/acento-local\/Materias\/convenios\/\" class=\"tag-cloud-link tag-link-82 tag-link-position-15\" style=\"font-size: 15.03125px;\" aria-label=\"Convenios (9 elementos)\">Convenios<\/a>\n<a href=\"https:\/\/www.gobiernolocal.org\/acento-local\/Materias\/crisis-sanitaria\/\" class=\"tag-cloud-link tag-link-25 tag-link-position-16\" style=\"font-size: 13px;\" aria-label=\"Crisis sanitaria (2 elementos)\">Crisis sanitaria<\/a>\n<a href=\"https:\/\/www.gobiernolocal.org\/acento-local\/Materias\/declaracion-responsable\/\" class=\"tag-cloud-link tag-link-161 tag-link-position-17\" style=\"font-size: 13.46875px;\" aria-label=\"Declaraci\u00f3n responsable (3 elementos)\">Declaraci\u00f3n responsable<\/a>\n<a href=\"https:\/\/www.gobiernolocal.org\/acento-local\/Materias\/despoblacion\/\" class=\"tag-cloud-link tag-link-47 tag-link-position-18\" style=\"font-size: 15.03125px;\" aria-label=\"Despoblaci\u00f3n (9 elementos)\">Despoblaci\u00f3n<\/a>\n<a href=\"https:\/\/www.gobiernolocal.org\/acento-local\/Materias\/digitalizacion\/\" class=\"tag-cloud-link tag-link-49 tag-link-position-19\" style=\"font-size: 15.8125px;\" aria-label=\"Digitalizaci\u00f3n (15 elementos)\">Digitalizaci\u00f3n<\/a>\n<a href=\"https:\/\/www.gobiernolocal.org\/acento-local\/Materias\/diputaciones\/\" class=\"tag-cloud-link tag-link-62 tag-link-position-20\" style=\"font-size: 15.734375px;\" aria-label=\"Diputaciones (14 elementos)\">Diputaciones<\/a>\n<a href=\"https:\/\/www.gobiernolocal.org\/acento-local\/Materias\/elecciones-y-consultas\/\" class=\"tag-cloud-link tag-link-220 tag-link-position-21\" style=\"font-size: 14.171875px;\" aria-label=\"Elecciones y consultas (5 elementos)\">Elecciones y consultas<\/a>\n<a href=\"https:\/\/www.gobiernolocal.org\/acento-local\/Materias\/entidades-colaboradoras\/\" class=\"tag-cloud-link tag-link-98 tag-link-position-22\" style=\"font-size: 14.640625px;\" aria-label=\"Entidades colaboradoras (7 elementos)\">Entidades colaboradoras<\/a>\n<a href=\"https:\/\/www.gobiernolocal.org\/acento-local\/Materias\/financiacion\/\" class=\"tag-cloud-link tag-link-103 tag-link-position-23\" style=\"font-size: 16.828125px;\" aria-label=\"Financiaci\u00f3n (28 elementos)\">Financiaci\u00f3n<\/a>\n<a href=\"https:\/\/www.gobiernolocal.org\/acento-local\/Materias\/funcion-publica\/\" class=\"tag-cloud-link tag-link-99 tag-link-position-24\" style=\"font-size: 17.453125px;\" aria-label=\"Funci\u00f3n p\u00fablica (41 elementos)\">Funci\u00f3n p\u00fablica<\/a>\n<a href=\"https:\/\/www.gobiernolocal.org\/acento-local\/Materias\/gestion-residuos\/\" class=\"tag-cloud-link tag-link-30 tag-link-position-25\" style=\"font-size: 14.640625px;\" aria-label=\"Gesti\u00f3n residuos (7 elementos)\">Gesti\u00f3n residuos<\/a>\n<a href=\"https:\/\/www.gobiernolocal.org\/acento-local\/Materias\/interoperabilidad\/\" class=\"tag-cloud-link tag-link-52 tag-link-position-26\" style=\"font-size: 13.46875px;\" aria-label=\"Interoperabilidad (3 elementos)\">Interoperabilidad<\/a>\n<a href=\"https:\/\/www.gobiernolocal.org\/acento-local\/Materias\/jurisdiccion\/\" class=\"tag-cloud-link tag-link-243 tag-link-position-27\" style=\"font-size: 13.46875px;\" aria-label=\"Jurisdicci\u00f3n (3 elementos)\">Jurisdicci\u00f3n<\/a>\n<a href=\"https:\/\/www.gobiernolocal.org\/acento-local\/Materias\/mejora-regulatoria\/\" class=\"tag-cloud-link tag-link-45 tag-link-position-28\" style=\"font-size: 16.4375px;\" aria-label=\"Mejora regulatoria (22 elementos)\">Mejora regulatoria<\/a>\n<a href=\"https:\/\/www.gobiernolocal.org\/acento-local\/Materias\/notificaciones\/\" class=\"tag-cloud-link tag-link-76 tag-link-position-29\" style=\"font-size: 14.171875px;\" aria-label=\"Notificaciones (5 elementos)\">Notificaciones<\/a>\n<a href=\"https:\/\/www.gobiernolocal.org\/acento-local\/Materias\/ordenanzas-municipales\/\" class=\"tag-cloud-link tag-link-167 tag-link-position-30\" style=\"font-size: 15.9296875px;\" aria-label=\"Ordenanzas municipales (16 elementos)\">Ordenanzas municipales<\/a>\n<a href=\"https:\/\/www.gobiernolocal.org\/acento-local\/Materias\/organos-colegiados\/\" class=\"tag-cloud-link tag-link-136 tag-link-position-31\" style=\"font-size: 14.4453125px;\" aria-label=\"Organos colegiados (6 elementos)\">Organos colegiados<\/a>\n<a href=\"https:\/\/www.gobiernolocal.org\/acento-local\/Materias\/padron-habitantes\/\" class=\"tag-cloud-link tag-link-144 tag-link-position-32\" style=\"font-size: 14.171875px;\" aria-label=\"Padr\u00f3n habitantes (5 elementos)\">Padr\u00f3n habitantes<\/a>\n<a href=\"https:\/\/www.gobiernolocal.org\/acento-local\/Materias\/personas-juridicas\/\" class=\"tag-cloud-link tag-link-85 tag-link-position-33\" style=\"font-size: 13.46875px;\" aria-label=\"Personas jur\u00eddicas (3 elementos)\">Personas jur\u00eddicas<\/a>\n<a href=\"https:\/\/www.gobiernolocal.org\/acento-local\/Materias\/pleno\/\" class=\"tag-cloud-link tag-link-89 tag-link-position-34\" style=\"font-size: 15.4609375px;\" aria-label=\"Pleno (12 elementos)\">Pleno<\/a>\n<a href=\"https:\/\/www.gobiernolocal.org\/acento-local\/Materias\/potestad-reglamentaria\/\" class=\"tag-cloud-link tag-link-27 tag-link-position-35\" style=\"font-size: 15.1875px;\" aria-label=\"Potestad reglamentaria (10 elementos)\">Potestad reglamentaria<\/a>\n<a href=\"https:\/\/www.gobiernolocal.org\/acento-local\/Materias\/procedimiento-administrativo\/\" class=\"tag-cloud-link tag-link-142 tag-link-position-36\" style=\"font-size: 17.84375px;\" aria-label=\"Procedimiento administrativo (52 elementos)\">Procedimiento administrativo<\/a>\n<a href=\"https:\/\/www.gobiernolocal.org\/acento-local\/Materias\/regimenes-especiales\/\" class=\"tag-cloud-link tag-link-119 tag-link-position-37\" style=\"font-size: 15.34375px;\" aria-label=\"Reg\u00edmenes especiales (11 elementos)\">Reg\u00edmenes especiales<\/a>\n<a href=\"https:\/\/www.gobiernolocal.org\/acento-local\/Materias\/responsabilidad\/\" class=\"tag-cloud-link tag-link-117 tag-link-position-38\" style=\"font-size: 14.640625px;\" aria-label=\"Responsabilidad (7 elementos)\">Responsabilidad<\/a>\n<a href=\"https:\/\/www.gobiernolocal.org\/acento-local\/Materias\/servicios-publicos\/\" class=\"tag-cloud-link tag-link-48 tag-link-position-39\" style=\"font-size: 16.59375px;\" aria-label=\"Servicios p\u00fablicos (24 elementos)\">Servicios p\u00fablicos<\/a>\n<a href=\"https:\/\/www.gobiernolocal.org\/acento-local\/Materias\/subvenciones\/\" class=\"tag-cloud-link tag-link-50 tag-link-position-40\" style=\"font-size: 14.4453125px;\" aria-label=\"Subvenciones (6 elementos)\">Subvenciones<\/a>\n<a href=\"https:\/\/www.gobiernolocal.org\/acento-local\/Materias\/turismo\/\" class=\"tag-cloud-link tag-link-106 tag-link-position-41\" style=\"font-size: 14.171875px;\" aria-label=\"Turismo (5 elementos)\">Turismo<\/a>\n<a href=\"https:\/\/www.gobiernolocal.org\/acento-local\/Materias\/unidad-de-mercado\/\" class=\"tag-cloud-link tag-link-218 tag-link-position-42\" style=\"font-size: 13.46875px;\" aria-label=\"Unidad de mercado (3 elementos)\">Unidad de mercado<\/a>\n<a href=\"https:\/\/www.gobiernolocal.org\/acento-local\/Materias\/urbanismo\/\" class=\"tag-cloud-link tag-link-107 tag-link-position-43\" style=\"font-size: 17.0625px;\" aria-label=\"Urbanismo (32 elementos)\">Urbanismo<\/a>\n<a href=\"https:\/\/www.gobiernolocal.org\/acento-local\/Materias\/vivienda\/\" class=\"tag-cloud-link tag-link-112 tag-link-position-44\" style=\"font-size: 15.6171875px;\" aria-label=\"Vivienda (13 elementos)\">Vivienda<\/a>\n<a href=\"https:\/\/www.gobiernolocal.org\/acento-local\/Materias\/zonas-de-bajas-emisiones\/\" class=\"tag-cloud-link tag-link-150 tag-link-position-45\" style=\"font-size: 15.03125px;\" aria-label=\"Zonas de bajas emisiones (9 elementos)\">Zonas de bajas emisiones<\/a><\/div>\n<\/nav>\t\t\t\t<\/div>\n\t\t\t\t<\/div>\n\t\t\t\t<div class=\"elementor-element elementor-element-f1b20fc elementor-hidden-desktop elementor-hidden-tablet elementor-hidden-mobile elementor-widget elementor-widget-wp-widget-f2-tagcloud\" data-id=\"f1b20fc\" data-element_type=\"widget\" data-widget_type=\"wp-widget-f2-tagcloud.default\">\n\t\t\t\t<div class=\"elementor-widget-container\">\n\t\t\t\t\t<h5>En Acento Local hablamos sobre las materias:<\/h5><div class=\"tagcloud\"><a href=\"https:\/\/www.gobiernolocal.org\/acento-local\/Materias\/autonomia-local\/\" class=\"tag-cloud-link tag-link-51 tag-link-position-1\" style=\"font-size: 14.125px;\" aria-label=\"Autonom\u00eda local (27 elementos)\">Autonom\u00eda local<\/a>\n<a href=\"https:\/\/www.gobiernolocal.org\/acento-local\/Materias\/competencias\/\" class=\"tag-cloud-link tag-link-63 tag-link-position-2\" style=\"font-size: 18px;\" aria-label=\"Competencias (57 elementos)\">Competencias<\/a>\n<a href=\"https:\/\/www.gobiernolocal.org\/acento-local\/Materias\/concejales\/\" class=\"tag-cloud-link tag-link-111 tag-link-position-3\" style=\"font-size: 13.25px;\" aria-label=\"Concejales (23 elementos)\">Concejales<\/a>\n<a href=\"https:\/\/www.gobiernolocal.org\/acento-local\/Materias\/contratos\/\" class=\"tag-cloud-link tag-link-59 tag-link-position-4\" style=\"font-size: 15.625px;\" aria-label=\"Contratos (36 elementos)\">Contratos<\/a>\n<a href=\"https:\/\/www.gobiernolocal.org\/acento-local\/Materias\/financiacion\/\" class=\"tag-cloud-link tag-link-103 tag-link-position-5\" style=\"font-size: 14.25px;\" aria-label=\"Financiaci\u00f3n (28 elementos)\">Financiaci\u00f3n<\/a>\n<a href=\"https:\/\/www.gobiernolocal.org\/acento-local\/Materias\/funcion-publica\/\" class=\"tag-cloud-link tag-link-99 tag-link-position-6\" style=\"font-size: 16.25px;\" aria-label=\"Funci\u00f3n p\u00fablica (41 elementos)\">Funci\u00f3n p\u00fablica<\/a>\n<a href=\"https:\/\/www.gobiernolocal.org\/acento-local\/Materias\/mejora-regulatoria\/\" class=\"tag-cloud-link tag-link-45 tag-link-position-7\" style=\"font-size: 13px;\" aria-label=\"Mejora regulatoria (22 elementos)\">Mejora regulatoria<\/a>\n<a href=\"https:\/\/www.gobiernolocal.org\/acento-local\/Materias\/procedimiento-administrativo\/\" class=\"tag-cloud-link tag-link-142 tag-link-position-8\" style=\"font-size: 17.5px;\" aria-label=\"Procedimiento administrativo (52 elementos)\">Procedimiento administrativo<\/a>\n<a href=\"https:\/\/www.gobiernolocal.org\/acento-local\/Materias\/servicios-publicos\/\" class=\"tag-cloud-link tag-link-48 tag-link-position-9\" style=\"font-size: 13.5px;\" aria-label=\"Servicios p\u00fablicos (24 elementos)\">Servicios p\u00fablicos<\/a>\n<a href=\"https:\/\/www.gobiernolocal.org\/acento-local\/Materias\/urbanismo\/\" class=\"tag-cloud-link tag-link-107 tag-link-position-10\" style=\"font-size: 15px;\" aria-label=\"Urbanismo (32 elementos)\">Urbanismo<\/a><\/div>\t\t\t\t<\/div>\n\t\t\t\t<\/div>\n\t\t\t\t\t<\/div>\n\t\t<\/div>\n\t\t\t\t\t<\/div>\n\t\t<\/section>\n\t\t\t\t<section class=\"elementor-section elementor-top-section elementor-element elementor-element-01af1e6 elementor-section-stretched elementor-section-boxed elementor-section-height-default elementor-section-height-default\" data-id=\"01af1e6\" data-element_type=\"section\" id=\"newsletter\" data-settings=\"{&quot;stretch_section&quot;:&quot;section-stretched&quot;,&quot;background_background&quot;:&quot;gradient&quot;}\">\n\t\t\t\t\t\t<div class=\"elementor-container elementor-column-gap-default\">\n\t\t\t\t\t<div class=\"elementor-column elementor-col-100 elementor-top-column elementor-element elementor-element-086d850\" data-id=\"086d850\" data-element_type=\"column\">\n\t\t\t<div class=\"elementor-widget-wrap elementor-element-populated\">\n\t\t\t\t\t\t<div class=\"elementor-element elementor-element-728d182 elementor-widget elementor-widget-heading\" data-id=\"728d182\" data-element_type=\"widget\" data-widget_type=\"heading.default\">\n\t\t\t\t<div class=\"elementor-widget-container\">\n\t\t\t\t\t<h2 class=\"elementor-heading-title elementor-size-default\">Suscr\u00edbete a nuestro Blog<\/h2>\t\t\t\t<\/div>\n\t\t\t\t<\/div>\n\t\t\t\t<div class=\"elementor-element elementor-element-4b840a2 elementor-widget elementor-widget-heading\" data-id=\"4b840a2\" data-element_type=\"widget\" data-widget_type=\"heading.default\">\n\t\t\t\t<div class=\"elementor-widget-container\">\n\t\t\t\t\t<p class=\"elementor-heading-title elementor-size-default\">y recibe los nuevos <i>posts<\/i> en tu correo<\/p>\t\t\t\t<\/div>\n\t\t\t\t<\/div>\n\t\t\t\t<div class=\"elementor-element elementor-element-022e5c8 elementor-button-align-center elementor-widget elementor-widget-form\" data-id=\"022e5c8\" data-element_type=\"widget\" data-settings=\"{&quot;step_next_label&quot;:&quot;Next&quot;,&quot;step_previous_label&quot;:&quot;Previous&quot;,&quot;button_width&quot;:&quot;100&quot;,&quot;step_type&quot;:&quot;number_text&quot;,&quot;step_icon_shape&quot;:&quot;circle&quot;}\" data-widget_type=\"form.default\">\n\t\t\t\t<div class=\"elementor-widget-container\">\n\t\t\t\t\t\t\t<form class=\"elementor-form\" method=\"post\" name=\"New Form\" aria-label=\"New Form\">\n\t\t\t<input type=\"hidden\" name=\"post_id\" value=\"181\"\/>\n\t\t\t<input type=\"hidden\" name=\"form_id\" value=\"022e5c8\"\/>\n\t\t\t<input type=\"hidden\" name=\"referer_title\" value=\"Blog de Actualidad Local - Fundaci\u00f3n Democracia y Gobierno Local\" \/>\n\n\t\t\t\t\t\t\t<input type=\"hidden\" name=\"queried_id\" value=\"181\"\/>\n\t\t\t\n\t\t\t<div class=\"elementor-form-fields-wrapper elementor-labels-\">\n\t\t\t\t\t\t\t\t<div class=\"elementor-field-type-text elementor-field-group elementor-column elementor-field-group-name elementor-col-50 elementor-field-required\">\n\t\t\t\t\t\t\t\t\t\t\t\t<label for=\"form-field-name\" class=\"elementor-field-label elementor-screen-only\">\n\t\t\t\t\t\t\t\tMi Nombre\t\t\t\t\t\t\t<\/label>\n\t\t\t\t\t\t\t\t\t\t\t\t\t\t<input size=\"1\" type=\"text\" name=\"form_fields[name]\" id=\"form-field-name\" class=\"elementor-field elementor-size-sm  elementor-field-textual\" placeholder=\"Mi Nombre\" required=\"required\">\n\t\t\t\t\t\t\t\t\t\t\t<\/div>\n\t\t\t\t\t\t\t\t<div class=\"elementor-field-type-email elementor-field-group elementor-column elementor-field-group-email elementor-col-50 elementor-field-required\">\n\t\t\t\t\t\t\t\t\t\t\t\t<label for=\"form-field-email\" class=\"elementor-field-label elementor-screen-only\">\n\t\t\t\t\t\t\t\tMi Email\t\t\t\t\t\t\t<\/label>\n\t\t\t\t\t\t\t\t\t\t\t\t\t\t<input size=\"1\" type=\"email\" name=\"form_fields[email]\" id=\"form-field-email\" class=\"elementor-field elementor-size-sm  elementor-field-textual\" placeholder=\"Mi Email\" required=\"required\">\n\t\t\t\t\t\t\t\t\t\t\t<\/div>\n\t\t\t\t\t\t\t\t<div class=\"elementor-field-type-acceptance elementor-field-group elementor-column elementor-field-group-field_ce99267 elementor-col-100 elementor-field-required\">\n\t\t\t\t\t\t\t\t\t\t\t\t<label for=\"form-field-field_ce99267\" class=\"elementor-field-label elementor-screen-only\">\n\t\t\t\t\t\t\t\tHe le\u00eddo y acepto todos los t\u00e9rminos de la pol\u00edtica de privacidad\t\t\t\t\t\t\t<\/label>\n\t\t\t\t\t\t\t\t<div class=\"elementor-field-subgroup\">\n\t\t\t<span class=\"elementor-field-option\">\n\t\t\t\t<input type=\"checkbox\" name=\"form_fields[field_ce99267]\" id=\"form-field-field_ce99267\" class=\"elementor-field elementor-size-sm  elementor-acceptance-field\" required=\"required\">\n\t\t\t\t<label for=\"form-field-field_ce99267\">He le\u00eddo y acepto todos los t\u00e9rminos de la <b><a href=\"https:\/\/www.gobiernolocal.org\/acento-local\/politica-de-privacidad\/\" style=\"color:#ffffff;\">pol\u00edtica de privacidad<\/a><\/b><\/label>\t\t\t<\/span>\n\t\t<\/div>\n\t\t\t\t\t\t<\/div>\n\t\t\t\t\t\t\t\t<div class=\"elementor-field-group elementor-column elementor-field-type-submit elementor-col-100 e-form__buttons\">\n\t\t\t\t\t<button class=\"elementor-button elementor-size-sm\" type=\"submit\">\n\t\t\t\t\t\t<span class=\"elementor-button-content-wrapper\">\n\t\t\t\t\t\t\t\t\t\t\t\t\t\t\t\t\t\t\t\t\t\t<span class=\"elementor-button-text\">Suscribirme<\/span>\n\t\t\t\t\t\t\t\t\t\t\t\t\t<\/span>\n\t\t\t\t\t<\/button>\n\t\t\t\t<\/div>\n\t\t\t<\/div>\n\t\t<\/form>\n\t\t\t\t\t\t<\/div>\n\t\t\t\t<\/div>\n\t\t\t\t\t<\/div>\n\t\t<\/div>\n\t\t\t\t\t<\/div>\n\t\t<\/section>\n\t\t\t\t<section class=\"elementor-section elementor-top-section elementor-element elementor-element-8f4dc5e elementor-hidden-desktop elementor-section-boxed elementor-section-height-default elementor-section-height-default\" data-id=\"8f4dc5e\" data-element_type=\"section\" data-settings=\"{&quot;background_background&quot;:&quot;classic&quot;,&quot;sticky&quot;:&quot;bottom&quot;,&quot;sticky_on&quot;:[&quot;tablet&quot;,&quot;mobile&quot;],&quot;animation_mobile&quot;:&quot;fadeInUp&quot;,&quot;sticky_offset&quot;:0,&quot;sticky_effects_offset&quot;:0,&quot;sticky_anchor_link_offset&quot;:0}\">\n\t\t\t\t\t\t<div class=\"elementor-container elementor-column-gap-default\">\n\t\t\t\t\t<div class=\"elementor-column elementor-col-100 elementor-top-column elementor-element elementor-element-f7d445b\" data-id=\"f7d445b\" data-element_type=\"column\">\n\t\t\t<div class=\"elementor-widget-wrap elementor-element-populated\">\n\t\t\t\t\t\t<div class=\"elementor-element elementor-element-b538b5a elementor-align-center elementor-mobile-align-center elementor-widget elementor-widget-button\" data-id=\"b538b5a\" data-element_type=\"widget\" data-widget_type=\"button.default\">\n\t\t\t\t<div class=\"elementor-widget-container\">\n\t\t\t\t\t\t\t\t\t<div class=\"elementor-button-wrapper\">\n\t\t\t\t\t<a class=\"elementor-button elementor-button-link elementor-size-sm\" href=\"https:\/\/www.gobiernolocal.org\/\">\n\t\t\t\t\t\t<span class=\"elementor-button-content-wrapper\">\n\t\t\t\t\t\t\t\t\t<span class=\"elementor-button-text\">IR A LA FUNDACI\u00d3N<\/span>\n\t\t\t\t\t<\/span>\n\t\t\t\t\t<\/a>\n\t\t\t\t<\/div>\n\t\t\t\t\t\t\t\t<\/div>\n\t\t\t\t<\/div>\n\t\t\t\t\t<\/div>\n\t\t<\/div>\n\t\t\t\t\t<\/div>\n\t\t<\/section>\n\t\t\t\t<\/div>\n\t\t","protected":false},"excerpt":{"rendered":"<p>La Pizarra de Acento Local Autor\/a: Fundaci\u00f3n Democracia y Gobierno Local Leer m\u00e1s \u00daltimos posts Gobernanza 22\/01\/2025 Autor\/a: Irene Delgado Sotillos Leer m\u00e1s Jurisprudencia 17\/01\/2025 Autor\/a: Miryam Quintanilla Navarro Leer m\u00e1s Innovaci\u00f3n y Sostenibilidad 15\/01\/2025 Autor\/a: Jos\u00e9 Francisco Fern\u00e1ndez Garc\u00eda Leer m\u00e1s Gobernanza 08\/01\/2025 Autor\/a: Jos\u00e9 Joaqu\u00edn Jim\u00e9nez Vacas Leer m\u00e1s Jurisprudencia 03\/01\/2025 Autor\/a: Miryam [&hellip;]<\/p>\n","protected":false},"author":2,"featured_media":1746,"parent":0,"menu_order":0,"comment_status":"closed","ping_status":"closed","template":"","meta":{"site-sidebar-layout":"no-sidebar","site-content-layout":"page-builder","ast-site-content-layout":"full-width-container","site-content-style":"unboxed","site-sidebar-style":"unboxed","ast-global-header-display":"","ast-banner-title-visibility":"","ast-main-header-display":"","ast-hfb-above-header-display":"","ast-hfb-below-header-display":"","ast-hfb-mobile-header-display":"","site-post-title":"disabled","ast-breadcrumbs-content":"","ast-featured-img":"disabled","footer-sml-layout":"","ast-disable-related-posts":"","theme-transparent-header-meta":"","adv-header-id-meta":"","stick-header-meta":"","header-above-stick-meta":"","header-main-stick-meta":"","header-below-stick-meta":"","astra-migrate-meta-layouts":"set","ast-page-background-enabled":"default","ast-page-background-meta":{"desktop":{"background-color":"var(--ast-global-color-4)","background-image":"","background-repeat":"repeat","background-position":"center center","background-size":"auto","background-attachment":"scroll","background-type":"","background-media":"","overlay-type":"","overlay-color":"","overlay-opacity":"","overlay-gradient":""},"tablet":{"background-color":"","background-image":"","background-repeat":"repeat","background-position":"center center","background-size":"auto","background-attachment":"scroll","background-type":"","background-media":"","overlay-type":"","overlay-color":"","overlay-opacity":"","overlay-gradient":""},"mobile":{"background-color":"","background-image":"","background-repeat":"repeat","background-position":"center center","background-size":"auto","background-attachment":"scroll","background-type":"","background-media":"","overlay-type":"","overlay-color":"","overlay-opacity":"","overlay-gradient":""}},"ast-content-background-meta":{"desktop":{"background-color":"var(--ast-global-color-5)","background-image":"","background-repeat":"repeat","background-position":"center center","background-size":"auto","background-attachment":"scroll","background-type":"","background-media":"","overlay-type":"","overlay-color":"","overlay-opacity":"","overlay-gradient":""},"tablet":{"background-color":"var(--ast-global-color-5)","background-image":"","background-repeat":"repeat","background-position":"center center","background-size":"auto","background-attachment":"scroll","background-type":"","background-media":"","overlay-type":"","overlay-color":"","overlay-opacity":"","overlay-gradient":""},"mobile":{"background-color":"var(--ast-global-color-5)","background-image":"","background-repeat":"repeat","background-position":"center center","background-size":"auto","background-attachment":"scroll","background-type":"","background-media":"","overlay-type":"","overlay-color":"","overlay-opacity":"","overlay-gradient":""}},"footnotes":""},"class_list":["post-181","page","type-page","status-publish","has-post-thumbnail","hentry"],"yoast_head":"<!-- This site is optimized with the Yoast SEO plugin v27.0 - https:\/\/yoast.com\/product\/yoast-seo-wordpress\/ -->\n<title>Blog de Actualidad Local - Fundaci\u00f3n Democracia y Gobierno Local<\/title>\n<meta name=\"robots\" content=\"index, nofollow, max-snippet:-1, max-image-preview:large, max-video-preview:-1\" \/>\n<link rel=\"canonical\" href=\"https:\/\/www.gobiernolocal.org\/acento-local\/\" \/>\n<meta property=\"og:locale\" content=\"es_ES\" \/>\n<meta property=\"og:type\" content=\"article\" \/>\n<meta property=\"og:title\" content=\"Blog de Actualidad Local - Fundaci\u00f3n Democracia y Gobierno Local\" \/>\n<meta property=\"og:description\" content=\"La Pizarra de Acento Local Autor\/a: Fundaci\u00f3n Democracia y Gobierno Local Leer m\u00e1s \u00daltimos posts Gobernanza 22\/01\/2025 Autor\/a: Irene Delgado Sotillos Leer m\u00e1s Jurisprudencia 17\/01\/2025 Autor\/a: Miryam Quintanilla Navarro Leer m\u00e1s Innovaci\u00f3n y Sostenibilidad 15\/01\/2025 Autor\/a: Jos\u00e9 Francisco Fern\u00e1ndez Garc\u00eda Leer m\u00e1s Gobernanza 08\/01\/2025 Autor\/a: Jos\u00e9 Joaqu\u00edn Jim\u00e9nez Vacas Leer m\u00e1s Jurisprudencia 03\/01\/2025 Autor\/a: Miryam [&hellip;]\" \/>\n<meta property=\"og:url\" content=\"https:\/\/www.gobiernolocal.org\/acento-local\/\" \/>\n<meta property=\"og:site_name\" content=\"Fundaci\u00f3n Democracia y Gobierno Local\" \/>\n<meta property=\"article:modified_time\" content=\"2025-01-27T08:44:51+00:00\" \/>\n<meta property=\"og:image\" content=\"https:\/\/www.gobiernolocal.org\/acento-local\/wp-content\/uploads\/2022\/10\/Presentacion2.jpg\" \/>\n\t<meta property=\"og:image:width\" content=\"800\" \/>\n\t<meta property=\"og:image:height\" content=\"533\" \/>\n\t<meta property=\"og:image:type\" content=\"image\/jpeg\" \/>\n<meta name=\"twitter:card\" content=\"summary_large_image\" \/>\n<meta name=\"twitter:label1\" content=\"Tiempo de lectura\" \/>\n\t<meta name=\"twitter:data1\" content=\"8 minutos\" \/>\n<script type=\"application\/ld+json\" class=\"yoast-schema-graph\">{\"@context\":\"https:\/\/schema.org\",\"@graph\":[{\"@type\":\"WebPage\",\"@id\":\"https:\/\/www.gobiernolocal.org\/acento-local\/\",\"url\":\"https:\/\/www.gobiernolocal.org\/acento-local\/\",\"name\":\"Blog de Actualidad Local - Fundaci\u00f3n Democracia y Gobierno Local\",\"isPartOf\":{\"@id\":\"https:\/\/www.gobiernolocal.org\/acento-local\/#website\"},\"primaryImageOfPage\":{\"@id\":\"https:\/\/www.gobiernolocal.org\/acento-local\/#primaryimage\"},\"image\":{\"@id\":\"https:\/\/www.gobiernolocal.org\/acento-local\/#primaryimage\"},\"thumbnailUrl\":\"https:\/\/www.gobiernolocal.org\/acento-local\/wp-content\/uploads\/2022\/10\/Presentacion2.jpg\",\"datePublished\":\"2022-06-24T11:33:10+00:00\",\"dateModified\":\"2025-01-27T08:44:51+00:00\",\"breadcrumb\":{\"@id\":\"https:\/\/www.gobiernolocal.org\/acento-local\/#breadcrumb\"},\"inLanguage\":\"es\",\"potentialAction\":[{\"@type\":\"ReadAction\",\"target\":[\"https:\/\/www.gobiernolocal.org\/acento-local\/\"]}]},{\"@type\":\"ImageObject\",\"inLanguage\":\"es\",\"@id\":\"https:\/\/www.gobiernolocal.org\/acento-local\/#primaryimage\",\"url\":\"https:\/\/www.gobiernolocal.org\/acento-local\/wp-content\/uploads\/2022\/10\/Presentacion2.jpg\",\"contentUrl\":\"https:\/\/www.gobiernolocal.org\/acento-local\/wp-content\/uploads\/2022\/10\/Presentacion2.jpg\",\"width\":800,\"height\":533},{\"@type\":\"BreadcrumbList\",\"@id\":\"https:\/\/www.gobiernolocal.org\/acento-local\/#breadcrumb\",\"itemListElement\":[{\"@type\":\"ListItem\",\"position\":1,\"name\":\"Portada\",\"item\":\"https:\/\/www.gobiernolocal.org\/acento-local\/\"},{\"@type\":\"ListItem\",\"position\":2,\"name\":\"Blog de Actualidad Local\"}]},{\"@type\":\"WebSite\",\"@id\":\"https:\/\/www.gobiernolocal.org\/acento-local\/#website\",\"url\":\"https:\/\/www.gobiernolocal.org\/acento-local\/\",\"name\":\"Fundaci\u00f3n Democracia y Gobierno Local\",\"description\":\"Otro sitio realizado con WordPress\",\"publisher\":{\"@id\":\"https:\/\/www.gobiernolocal.org\/acento-local\/#organization\"},\"potentialAction\":[{\"@type\":\"SearchAction\",\"target\":{\"@type\":\"EntryPoint\",\"urlTemplate\":\"https:\/\/www.gobiernolocal.org\/acento-local\/?s={search_term_string}\"},\"query-input\":{\"@type\":\"PropertyValueSpecification\",\"valueRequired\":true,\"valueName\":\"search_term_string\"}}],\"inLanguage\":\"es\"},{\"@type\":\"Organization\",\"@id\":\"https:\/\/www.gobiernolocal.org\/acento-local\/#organization\",\"name\":\"Fundaci\u00f3n Democracia y Gobierno Local\",\"url\":\"https:\/\/www.gobiernolocal.org\/acento-local\/\",\"logo\":{\"@type\":\"ImageObject\",\"inLanguage\":\"es\",\"@id\":\"https:\/\/www.gobiernolocal.org\/acento-local\/#\/schema\/logo\/image\/\",\"url\":\"https:\/\/www.gobiernolocal.org\/acento-local\/wp-content\/uploads\/2024\/09\/logo-acentoo-local.png\",\"contentUrl\":\"https:\/\/www.gobiernolocal.org\/acento-local\/wp-content\/uploads\/2024\/09\/logo-acentoo-local.png\",\"width\":1005,\"height\":197,\"caption\":\"Fundaci\u00f3n Democracia y Gobierno Local\"},\"image\":{\"@id\":\"https:\/\/www.gobiernolocal.org\/acento-local\/#\/schema\/logo\/image\/\"}}]}<\/script>\n<!-- \/ Yoast SEO plugin. -->","yoast_head_json":{"title":"Blog de Actualidad Local - Fundaci\u00f3n Democracia y Gobierno Local","robots":{"index":"index","follow":"nofollow","max-snippet":"max-snippet:-1","max-image-preview":"max-image-preview:large","max-video-preview":"max-video-preview:-1"},"canonical":"https:\/\/www.gobiernolocal.org\/acento-local\/","og_locale":"es_ES","og_type":"article","og_title":"Blog de Actualidad Local - Fundaci\u00f3n Democracia y Gobierno Local","og_description":"La Pizarra de Acento Local Autor\/a: Fundaci\u00f3n Democracia y Gobierno Local Leer m\u00e1s \u00daltimos posts Gobernanza 22\/01\/2025 Autor\/a: Irene Delgado Sotillos Leer m\u00e1s Jurisprudencia 17\/01\/2025 Autor\/a: Miryam Quintanilla Navarro Leer m\u00e1s Innovaci\u00f3n y Sostenibilidad 15\/01\/2025 Autor\/a: Jos\u00e9 Francisco Fern\u00e1ndez Garc\u00eda Leer m\u00e1s Gobernanza 08\/01\/2025 Autor\/a: Jos\u00e9 Joaqu\u00edn Jim\u00e9nez Vacas Leer m\u00e1s Jurisprudencia 03\/01\/2025 Autor\/a: Miryam [&hellip;]","og_url":"https:\/\/www.gobiernolocal.org\/acento-local\/","og_site_name":"Fundaci\u00f3n Democracia y Gobierno Local","article_modified_time":"2025-01-27T08:44:51+00:00","og_image":[{"width":800,"height":533,"url":"https:\/\/www.gobiernolocal.org\/acento-local\/wp-content\/uploads\/2022\/10\/Presentacion2.jpg","type":"image\/jpeg"}],"twitter_card":"summary_large_image","twitter_misc":{"Tiempo de lectura":"8 minutos"},"schema":{"@context":"https:\/\/schema.org","@graph":[{"@type":"WebPage","@id":"https:\/\/www.gobiernolocal.org\/acento-local\/","url":"https:\/\/www.gobiernolocal.org\/acento-local\/","name":"Blog de Actualidad Local - Fundaci\u00f3n Democracia y Gobierno Local","isPartOf":{"@id":"https:\/\/www.gobiernolocal.org\/acento-local\/#website"},"primaryImageOfPage":{"@id":"https:\/\/www.gobiernolocal.org\/acento-local\/#primaryimage"},"image":{"@id":"https:\/\/www.gobiernolocal.org\/acento-local\/#primaryimage"},"thumbnailUrl":"https:\/\/www.gobiernolocal.org\/acento-local\/wp-content\/uploads\/2022\/10\/Presentacion2.jpg","datePublished":"2022-06-24T11:33:10+00:00","dateModified":"2025-01-27T08:44:51+00:00","breadcrumb":{"@id":"https:\/\/www.gobiernolocal.org\/acento-local\/#breadcrumb"},"inLanguage":"es","potentialAction":[{"@type":"ReadAction","target":["https:\/\/www.gobiernolocal.org\/acento-local\/"]}]},{"@type":"ImageObject","inLanguage":"es","@id":"https:\/\/www.gobiernolocal.org\/acento-local\/#primaryimage","url":"https:\/\/www.gobiernolocal.org\/acento-local\/wp-content\/uploads\/2022\/10\/Presentacion2.jpg","contentUrl":"https:\/\/www.gobiernolocal.org\/acento-local\/wp-content\/uploads\/2022\/10\/Presentacion2.jpg","width":800,"height":533},{"@type":"BreadcrumbList","@id":"https:\/\/www.gobiernolocal.org\/acento-local\/#breadcrumb","itemListElement":[{"@type":"ListItem","position":1,"name":"Portada","item":"https:\/\/www.gobiernolocal.org\/acento-local\/"},{"@type":"ListItem","position":2,"name":"Blog de Actualidad Local"}]},{"@type":"WebSite","@id":"https:\/\/www.gobiernolocal.org\/acento-local\/#website","url":"https:\/\/www.gobiernolocal.org\/acento-local\/","name":"Fundaci\u00f3n Democracia y Gobierno Local","description":"Otro sitio realizado con WordPress","publisher":{"@id":"https:\/\/www.gobiernolocal.org\/acento-local\/#organization"},"potentialAction":[{"@type":"SearchAction","target":{"@type":"EntryPoint","urlTemplate":"https:\/\/www.gobiernolocal.org\/acento-local\/?s={search_term_string}"},"query-input":{"@type":"PropertyValueSpecification","valueRequired":true,"valueName":"search_term_string"}}],"inLanguage":"es"},{"@type":"Organization","@id":"https:\/\/www.gobiernolocal.org\/acento-local\/#organization","name":"Fundaci\u00f3n Democracia y Gobierno Local","url":"https:\/\/www.gobiernolocal.org\/acento-local\/","logo":{"@type":"ImageObject","inLanguage":"es","@id":"https:\/\/www.gobiernolocal.org\/acento-local\/#\/schema\/logo\/image\/","url":"https:\/\/www.gobiernolocal.org\/acento-local\/wp-content\/uploads\/2024\/09\/logo-acentoo-local.png","contentUrl":"https:\/\/www.gobiernolocal.org\/acento-local\/wp-content\/uploads\/2024\/09\/logo-acentoo-local.png","width":1005,"height":197,"caption":"Fundaci\u00f3n Democracia y Gobierno Local"},"image":{"@id":"https:\/\/www.gobiernolocal.org\/acento-local\/#\/schema\/logo\/image\/"}}]}},"_links":{"self":[{"href":"https:\/\/www.gobiernolocal.org\/acento-local\/wp-json\/wp\/v2\/pages\/181","targetHints":{"allow":["GET"]}}],"collection":[{"href":"https:\/\/www.gobiernolocal.org\/acento-local\/wp-json\/wp\/v2\/pages"}],"about":[{"href":"https:\/\/www.gobiernolocal.org\/acento-local\/wp-json\/wp\/v2\/types\/page"}],"author":[{"embeddable":true,"href":"https:\/\/www.gobiernolocal.org\/acento-local\/wp-json\/wp\/v2\/users\/2"}],"replies":[{"embeddable":true,"href":"https:\/\/www.gobiernolocal.org\/acento-local\/wp-json\/wp\/v2\/comments?post=181"}],"version-history":[{"count":0,"href":"https:\/\/www.gobiernolocal.org\/acento-local\/wp-json\/wp\/v2\/pages\/181\/revisions"}],"wp:featuredmedia":[{"embeddable":true,"href":"https:\/\/www.gobiernolocal.org\/acento-local\/wp-json\/wp\/v2\/media\/1746"}],"wp:attachment":[{"href":"https:\/\/www.gobiernolocal.org\/acento-local\/wp-json\/wp\/v2\/media?parent=181"}],"curies":[{"name":"wp","href":"https:\/\/api.w.org\/{rel}","templated":true}]}}